{"id":854,"date":"2013-09-25T12:50:15","date_gmt":"2013-09-25T12:50:15","guid":{"rendered":"http:\/\/www.arianebazan.be\/?page_id=854"},"modified":"2023-05-05T12:41:56","modified_gmt":"2023-05-05T12:41:56","slug":"ariane","status":"publish","type":"page","link":"http:\/\/www.arianebazan.be\/?page_id=854","title":{"rendered":"Ariane"},"content":{"rendered":"<h1 style=\"text-align: center;\"><strong><span style=\"font-size: 18pt;\">Who am I?<\/span><\/strong><\/h1>\n<ul>\n<li><a href=\"http:\/\/www.arianebazan.be\/?page_id=19\">a biographical note in English<\/a><\/li>\n<li><a href=\"http:\/\/www.arianebazan.be\/?page_id=23\">een woord over mezelf in het Nederlands<\/a><\/li>\n<li><a href=\"http:\/\/www.arianebazan.be\/?page_id=21\">quelques lignes biographiques en Fran\u00e7ais<\/a><\/li>\n<\/ul>\n<p>Je suis aussi psychologue clinicienne et psychanalyste. <a href=\"http:\/\/www.arianebazan.be\/?page_id=359\" target=\"_blank\" rel=\"noopener noreferrer\">Pour mon activit\u00e9 clinique, cliquez ici.<\/a><\/p>\n<p><img loading=\"lazy\" class=\"attachment-post-thumbnail aligncenter\" src=\"http:\/\/www.arianebazan.be\/wp-content\/uploads\/2013\/04\/946513_693155280700580_873665291_n-624x832.jpg\" alt=\"946513_693155280700580_873665291_n\" width=\"266\" height=\"354\" \/><\/p>\n<p>&nbsp;<\/p>\n<p>Les photos en &#8216;head image&#8217; sont pour la plupart des photos des\u00a0jardins de mon p\u00e8re, Georges Bazan, mort le 14 mars 2021 de la Covid. Jusqu&#8217;en 2002, ce sont des photos du jardin \u00e0 Deux-Acren en Belgique, et \u00e0 partir de cette date, ce sont des photos du jardin \u00e0 La Force en France. Il y a aussi quelques photos du &#8216;bassin Ninie&#8217;, un projet couronn\u00e9 de succ\u00e8s du Crasen, dont papa \u00e9tait le pr\u00e9sident \u00e0 l&#8217;\u00e9poque. <a href=\"http:\/\/www.arianebazan.be\/?page_id=298\" target=\"_blank\" rel=\"noopener noreferrer\">Pour en conna\u00eetre plus sur l&#8217;histoire de la famille BAZAN, cliquez ici<\/a>.<\/p>\n<p>De stamboom van de familie <a href=\"http:\/\/www.arianebazan.be\/?page_id=301\" target=\"_blank\" rel=\"noopener noreferrer\">ANTHIERENS, en een stukje van ons\u00a0verhaal, vind je hier<\/a>.<\/p>\n<p>&nbsp;<\/p>\n<p>&nbsp;<\/p>\n<p>&nbsp;<\/p>\n","protected":false},"excerpt":{"rendered":"<p>Who am I? a biographical note in English een woord over mezelf in het Nederlands quelques lignes biographiques en Fran\u00e7ais Je suis aussi psychologue clinicienne et psychanalyste. Pour mon activit\u00e9 clinique, cliquez ici. &nbsp; Les photos en &#8216;head image&#8217; sont &hellip; <a href=\"http:\/\/www.arianebazan.be\/?page_id=854\">Continue reading <span class=\"meta-nav\">&rarr;<\/span><\/a><\/p>\n","protected":false},"author":1,"featured_media":0,"parent":0,"menu_order":0,"comment_status":"open","ping_status":"open","template":"","meta":{"spay_email":""},"_links":{"self":[{"href":"http:\/\/www.arianebazan.be\/index.php?rest_route=\/wp\/v2\/pages\/854"}],"collection":[{"href":"http:\/\/www.arianebazan.be\/index.php?rest_route=\/wp\/v2\/pages"}],"about":[{"href":"http:\/\/www.arianebazan.be\/index.php?rest_route=\/wp\/v2\/types\/page"}],"author":[{"embeddable":true,"href":"http:\/\/www.arianebazan.be\/index.php?rest_route=\/wp\/v2\/users\/1"}],"replies":[{"embeddable":true,"href":"http:\/\/www.arianebazan.be\/index.php?rest_route=%2Fwp%2Fv2%2Fcomments&post=854"}],"version-history":[{"count":9,"href":"http:\/\/www.arianebazan.be\/index.php?rest_route=\/wp\/v2\/pages\/854\/revisions"}],"predecessor-version":[{"id":2873,"href":"http:\/\/www.arianebazan.be\/index.php?rest_route=\/wp\/v2\/pages\/854\/revisions\/2873"}],"wp:attachment":[{"href":"http:\/\/www.arianebazan.be\/index.php?rest_route=%2Fwp%2Fv2%2Fmedia&parent=854"}],"curies":[{"name":"wp","href":"https:\/\/api.w.org\/{rel}","templated":true}]}}