{"id":2350,"date":"2019-07-09T18:28:51","date_gmt":"2019-07-09T18:28:51","guid":{"rendered":"http:\/\/www.arianebazan.be\/?page_id=2350"},"modified":"2025-04-13T12:01:34","modified_gmt":"2025-04-13T12:01:34","slug":"de-standaard","status":"publish","type":"page","link":"https:\/\/www.arianebazan.be\/?page_id=2350","title":{"rendered":"De Standaard"},"content":{"rendered":"<h1 class=\"p1\"><em>! Alle teksten van de kronieken ook op deze websites onder &#8220;Posts&#8221; !<\/em><\/h1>\n<p>71 13.03.25, Soms heeft een vrouw een man nodig om haar startknop te vinden. Column. De Standaard.<br \/>\n70 13.02.25, Met diagnostische labels richten psychologen vaak nog meerschade aan dan er al was. Column. De Standaard.<br \/>\n69 16.01.25, De mens is geen willoos slachtoffer, hij maakt keuzes en neemt beslissingen. Column. De Standaard.<br \/>\n68 05.12.24, De zaak-Pelicot: de gewelddadige variant op de fantasie van de schone slaapster. Column. De Standaard.<br \/>\n67 07.11.24, Hoe meer labels je op psychische klachten kleeft, hoe meer psychisch \u2018zieken\u2019 je krijgt. Column. De Standaard.<br \/>\n66 10.10.24, Een mens is nooit psychisch uitbehandeld. Column. De Standaard.<br \/>\n\u2022 Repris dans Head Topics Belgique : https:\/\/headtopics.com\/be\/een-mens-is-nooit-psychisch-uitbehandeld-60115686<br \/>\n65 19.09.24, Niet de smartphone maakt ons ongelukkig, dat doen we zelf. Column. De Standaard.<br \/>\n64 27.06.24, In tijden van rampspoed reageren mensen soms verbazend nuchter. Column. De Standaard.<br \/>\n63 30.05.24, We kunnen nog wat leren van deze generatie jongeren. Column. De Standaard.<br \/>\n62 25.04.24, Onderschat de veerkracht van de mens niet. Column. De Standaard.<br \/>\n61 13.03.24, Over liefde valt niet te onderhandelen. Column. De Standaard.<br \/>\n60 15.02.24, Vooruitgang in mentale zorg? Ja, maar niet ten koste van de liefde. Column. De Standaard.<br \/>\n59 18.01.24, Misschien is de mens niet gemaakt om gelukkig te zijn. Column. De Standaard.<br \/>\n58 07.12.23, De wereld zal misschien toch gered worden, en wel door vrouwen. Column. De Standaard.<br \/>\n57 09.11.23, Eerst moet het geweld stoppen, dan pas kunnen we ons om de waarheid bekommeren. Column. De Standaard.<br \/>\n56 12.10.23, Achter termen als \u2018collaboratie\u2019 en \u2018misbruik\u2019 schuilt het verhaal van nog ne mens, en nog ne mens, en nog ne mens. Column. De Standaard.<br \/>\n55 14.09.23, Geweld dat generaties lang blijft nazinderen. Column. De Standaard.<br \/>\n54 22.06.23, De moedige twijfel van Conner Rousseau. Column. De Standaard.<br \/>\n53 25.05.23, Alleen verschil kan tot liefde leiden. Column. De Standaard.<br \/>\n52 27.04.23, Een sleutel voor meer sociaal welzijn. Column. De Standaard.<br \/>\n51 16.03.23, Beest in bed, mens in beschaving: een recept voor wereldvrede. Column. De Standaard.<br \/>\n50 16.02.23, De erfenis van Charles Darwin. Column. De Standaard.<br \/>\n49 19.01.23, De naam van de matroos. Column. De Standaard.<br \/>\nR\u00e9action dans De Standaard, 26.01.2023: \u201cHet talige onbewuste behoort tot het rijk der fabels\u201d, Durk Talsma, Johan Braeckman, Maarten Boudry, Filip Buekens.<br \/>\n48 22.12.22, Sterven gaat van hupsakee. Column. De Standaard.<br \/>\n47 10.11.22, Tussen hamer en aambeeld. Column. De Standaard.<br \/>\n46 13.10.22, De wetten van de geest zijn niet die van het lichaam. Column. De Standaard.<br \/>\n45 15.09.22, Tot de hemel op onze kopt valt. Column. De Standaard.<br \/>\n44 02.07.22, We hebben allemaal onze \u2018verdorven\u2019 seksuele fantasie\u00ebn. Opinie. De Standaard.<br \/>\n43 02.06.22, De aanstekelijkheid van een prikje. Column. De Standaard.<br \/>\n42 28.04.22, In de greep van oud zeer. Column. De Standaard.<br \/>\n41 17.03.22, De psychologische motieven van Poetin (en van het Westen). Column. De Standaard.<br \/>\n40 17.02.22, Liefde op maat van het verschil. Column. De Standaard.<br \/>\n39 20.01.22, Ademruimte voor de samenleving. Column. De Standaard.<br \/>\n38 02.12.21, Met stigmatiseren komen we niet uit deze pandemie. Column. De Standaard.<\/p>\n<p><a href=\"https:\/\/www.standaard.be\/cnt\/dmf20211027_97666775?utm_source=standaard&amp;utm_medium=social&amp;utm_campaign=send-to-a-friend&amp;fbclid=IwAR1iG9HiOp4Kf0SHc9YNxHIjw9qzhRYpUt4DQD-r1XKSm7Org89-v_jotks&amp;articlehash=MubfcfQNo2iKWZtymSRpoWcGPXsgZrO0MjGkyZHWlJIYuWAw6BAYCwzodsvJzscw4lTM5hPEoIdjqs8CsPCLq57jlyfu5dZL%2FZV7BluOK1a9HxHSfGDGKj2NKOqn7W7T9ALt2Bu2qYhGDjR07bBPF8JUc5lcntdDqdsamqrYSrOCRp8d1rbDN6ah9RZykIFfsvk%2Fc7R%2F%2FHwPDyr5q2UNhAYXCWlLQuA4aiyc%2Fy6IoFdqQzEJybNt34Fc%2F3KC8els2nTdKF75JJLrwdMwYCzQ0p82YYWOfJvTEuz2S7QGRqLejUEXeI2%2FJw1Q8d6Qfbe3wWUWa1utNtSeKCI9b9rImA%3D%3D\" target=\"_blank\" rel=\"noopener\">37 Bazan, A. (2021). Beperkingen zijn buitenkansen. Column, De Standaard, 28 oktober.<\/a><\/p>\n<p><a href=\"https:\/\/www.standaard.be\/cnt\/dmf20210929_97839324?&amp;articlehash=c6Z1ay3n2tr1Fn2nzmosBQz6%2B4r3g2YX37ePE%2F%2BiQUb8rr8nAWrjZQl5TiRNxWXcuQmHncsiyvU72t61515Gxi6YvAbBMdgKz8MZOxeuZbACxj0X413pkqNLsqLQFk60N2yL7KIXYEiJXoJG%2F1Cb%2FVN49CaAPBjIb7xMiRjma5u4ARJNv28591PWsALGHf02DUq7rXHoDsUvNcUUcGtFLV3XZF%2Fv9%2ByVEKBbLOG8DNatdRswZ4mVVAEidu2PYZwd0C8aRlgrbnFNKjsiznWW5L6D0kXdF3wcLMfnyzNBCDiItXyM9X1r5l3zJ2P%2FW%2B6wvGrjS%2Becjym9Wu4MQnYJZw%3D%3D\" target=\"_blank\" rel=\"noopener\">36 Bazan, A. (2021). Je psycholoog is niet als je tandarts. Column. De Standaard, 30 september, p. 32.<\/a><\/p>\n<p><a href=\"https:\/\/www.standaard.be\/cnt\/dmf20210901_97734392?utm_source=standaard&amp;utm_medium=social&amp;utm_campaign=send-to-a-friend&amp;fbclid=IwAR087nD5Yg2Hk4JxF6LipjEYAeRAzKo79GVZ9tETf2lsZFZh7YzN7OYOZMA&amp;articlehash=bjAF6FteEyCXMDudvJWSr1NYQ2j4h2Paj0W0kl%2BJSksNCeqYJ%2FkM8QAq4XPc0BtvForNKjN8JdGPbqQBs43jHZSyljRRiz6GwEPbsP7bxqe%2FfCrvt5jDnTvpqhQAHRKAxCT8VzMImyWinjgIC9ASlD%2B37ZVJwcOMqulWXfWyiVYsFYKdGL%2FkgBADWixnR4VJQqEV4Bf0cFXh94SLLMKCHm7tcrTZisLXid3PdLbtASmcz%2BRp%2Bs2YvSZMu7%2BR8q6C3Oo4lGAjShtSV7M10n7%2BPEsATZk5kk9q%2Fb2MmD8AuKu4mb2uOhlFWBVWHRgvpxaQoGEXyewfXHax5iKFR0cNyw%3D%3D\" target=\"_blank\" rel=\"noopener\">35 Bazan, A. (2021). Wanneer idee\u00ebn en wapens niet overtuigen. Column. De Standaard, 2 september, p. 27.<\/a><\/p>\n<p class=\"p1\"><a href=\"https:\/\/www.standaard.be\/cnt\/dmf20210623_97959123\" target=\"_blank\" rel=\"noopener noreferrer\">34 Bazan, A. (2021). We hebben nood aan wat meer erotiek. Column. De Standaard, 24 juni p. 34-35.\u00a0<\/a><\/p>\n<p class=\"p1\"><a style=\"font-size: 1rem;\" href=\"https:\/\/www.standaard.be\/cnt\/dmf20210526_97645875\" target=\"_blank\" rel=\"noopener noreferrer\">33 Bazan, A. (2021). Een goed gesprek met psychologen. Column. De Standaard, 27 mei p. 35.\u00a0<\/a><\/p>\n<p class=\"p1\"><a style=\"font-size: 1rem;\" href=\"https:\/\/www.standaard.be\/cnt\/dmf20210428_97748127\" target=\"_blank\" rel=\"noopener noreferrer\">32 Bazan, A. (2021). <span lang=\"DE-LU\">De wetenschap van het onredelijke. Column. De Standaard, 29 april p. 33.<\/span><\/a><\/p>\n<p class=\"p1\"><a style=\"font-size: 1rem;\" href=\"https:\/\/www.standaard.be\/cnt\/dmf20210303_98180265\" target=\"_blank\" rel=\"noopener noreferrer\">31 Bazan, A. (2021). <span lang=\"DE-LU\">We willen geen foute mensen zijn. Column. De Standaard, 04 maart p.33.<\/span><\/a><\/p>\n<p class=\"p1\"><a style=\"font-size: 1rem;\" href=\"https:\/\/www.standaard.be\/cnt\/dmf20210203_98006043\" target=\"_blank\" rel=\"noopener noreferrer\">30 Bazan, A. (2021).\u00a0We zijn belachelijk onredelijk. Column. De Standaard, 04 februari pp. 34-35.<\/a><\/p>\n<p class=\"p1\"><a style=\"font-size: 1rem;\" href=\"https:\/\/www.standaard.be\/cnt\/dmf20210106_97885557\" target=\"_blank\" rel=\"noopener noreferrer\">29 Bazan, A. (2021).\u00a0Wat me van het hart moet. Column. De Standaard, 01 januari p. 25.<\/a><\/p>\n<p class=\"p1\"><a style=\"font-size: 1rem;\" href=\"https:\/\/www.standaard.be\/cnt\/dmf20201210_95738875\" target=\"_blank\" rel=\"noopener noreferrer\">28 Bazan, A. (2020). Hinkend regeren over hinkende mensen. Column. De Standaard,<span lang=\"DE-LU\">\u00a010 december pp. 34-35.\u00a0<\/span><\/a><\/p>\n<p class=\"p1\"><a style=\"font-size: 1rem;\" href=\"https:\/\/www.standaard.be\/cnt\/dmf20201111_97923870\" target=\"_blank\" rel=\"noopener noreferrer\">27 Bazan, A. (2020). Verzoenen is een oefening in bescheidenheid. Column. De Standaard, 12 november pp 26-27.\u00a0<\/a><\/p>\n<p class=\"p1\"><a href=\"https:\/\/www.standaard.be\/cnt\/dmf20201014_97793080\" target=\"_blank\" rel=\"noopener noreferrer\">26 Bazan, A. (2020). We kunnen jongeren niet helemaal beletten te feesten. Column. De Standaard, 15 oktober pp. 26-27\u00a0<\/a><\/p>\n<p class=\"p1\"><a href=\"https:\/\/www.standaard.be\/cnt\/dmf20200624_05000590\" target=\"_blank\" rel=\"noopener noreferrer\">25 Bazan, A. (2020). We zijn allemaal monsters. Column. De Standaard, 25 juni p. 27<\/a><\/p>\n<p class=\"p1\"><a href=\"https:\/\/www.standaard.be\/cnt\/dmf20200527_04973750\" target=\"_blank\" rel=\"noopener noreferrer\">24 Bazan, A. (2020). Wat ons echt raakt. Column. De Standaard, 28 mei p. 36.\u00a0<\/a><\/p>\n<p class=\"p1\"><a href=\"https:\/\/www.standaard.be\/cnt\/dmf20200422_04931515\" target=\"_blank\" rel=\"noopener noreferrer\">23 <span lang=\"DE-LU\">Bazan, A. (2020) Niemand achterlaten dat blijft de boodschap. Column. De Standaard, 23 april pp. 34-35.<\/span><\/a><\/p>\n<p class=\"p1\"><a style=\"font-size: 1rem;\" href=\"https:\/\/www.standaard.be\/cnt\/dmf20200401_04909888\" target=\"_blank\" rel=\"noopener noreferrer\">22 <span lang=\"DE-LU\">Bazan, A. (2020) Het zijn g\u00e9\u00e9n ongewone tijden. Waalse Kroniek. De Standaard, 02 april p. 33<\/span><\/a><\/p>\n<p class=\"p1\"><a style=\"font-size: 1rem;\" href=\"https:\/\/www.standaard.be\/cnt\/dmf20200304_04876167\" target=\"_blank\" rel=\"noopener noreferrer\">21 <span lang=\"DE-LU\">Bazan, A. (2020) De missie van de Vlaamse Tom Cruises. Waalse Kroniek. De Standaard, 05 maart p. 40.<\/span><\/a><\/p>\n<p class=\"p1\"><a style=\"font-size: 1rem;\" href=\"https:\/\/www.standaard.be\/cnt\/dmf20200205_04836493\" target=\"_blank\" rel=\"noopener noreferrer\">20 <span lang=\"DE-LU\">Bazan, A. (2020) Niet pati\u00ebnt, maar hulpverlening is \u2018disfunctioneel\u2019. Column. De Standaard, 06 februari, pp. 38-39.\u00a0<\/span><\/a><\/p>\n<p class=\"p1\"><a style=\"font-size: 1rem;\" href=\"https:\/\/www.standaard.be\/cnt\/dmf20200108_04797838\" target=\"_blank\" rel=\"noopener noreferrer\">19 <span lang=\"DE-LU\">Bazan, A. (2020) Wanneer we echt liefhebben, zijn we verloren. Column. De Standaard, 09 januari pp. 34-35.\u00a0<\/span><\/a><\/p>\n<p class=\"p1\"><a style=\"font-size: 1rem;\" href=\"https:\/\/www.standaard.be\/cnt\/dmf20191127_04740910\" target=\"_blank\" rel=\"noopener noreferrer\">18 <span lang=\"DE-LU\">Bazan, A. \u00a0(2019) Bilzen is een buitenkans. Waalse Kroniek. De Standaard, 28 november pp. 38-39.\u00a0<\/span><\/a><\/p>\n<p class=\"p1\"><a href=\"https:\/\/www.standaard.be\/cnt\/dmf20191030_04693726\" target=\"_blank\" rel=\"noopener noreferrer\">17 <\/a><span lang=\"DE-LU\">Bazan, A. (2019) Het aanzuigeffect van de hulpverlening. Waalse Kroniek. De Standaard, 31 oktober p.39.\u00a0<\/span><\/p>\n<p class=\"p1\"><a style=\"font-size: 1rem;\" href=\"https:\/\/www.standaard.be\/cnt\/dmf20191002_04641670\" target=\"_blank\" rel=\"noopener noreferrer\">16 Bazan, A. (2019) Links of rechts? Het gaat om principes, niet om thema&#8217;s. Waalse Kroniek. De Standaard, 03 oktober pp. 38-39.<\/a><\/p>\n<p class=\"p1\">15 Bazan, A. (2019)\u00a0Een ander scenario voor het eindspel.\u00a0<a href=\"https:\/\/www.standaard.be\/cnt\/dmf20190904_04592021\" target=\"_blank\" rel=\"noopener noreferrer\">Waalse Kroniek. De Standaard,<\/a>\u00a005 september pp. 39. <a href=\"https:\/\/webmail.ulb.ac.be\/?_task=mail&amp;_framed=1&amp;_action=get&amp;_mbox=INBOX&amp;_uid=1530&amp;_part=7&amp;_frame=1\">pdf<\/a><\/p>\n<p class=\"p1\"><a href=\"https:\/\/www.standaard.be\/cnt\/dmf20190605_04446345\" target=\"_blank\" rel=\"noopener noreferrer\">14 Bazan, A. (2019) Het verscheurende verhaal van Vlaanderen. Waalse Kroniek. De Standaard, 06 juni pp. 38-39.<\/a><a href=\"https:\/\/webmail.ulb.ac.be\/?_task=mail&amp;_framed=1&amp;_action=get&amp;_mbox=INBOX&amp;_uid=1530&amp;_part=6&amp;_frame=1\">\u00a0pdf<\/a><\/p>\n<p class=\"p1\"><a href=\"https:\/\/www.standaard.be\/cnt\/dmf20190501_04366971\" target=\"_blank\" rel=\"noopener noreferrer\">13 Bazan, A. (2019) Waarom acties tegen kanker ons vrijgevig maken. Waalse Kroniek. De Standaard, 02 mei p. 39<\/a>\u00a0<a href=\"https:\/\/webmail.ulb.ac.be\/?_task=mail&amp;_framed=1&amp;_action=get&amp;_mbox=INBOX&amp;_uid=1530&amp;_part=5&amp;_frame=1\">pdf<\/a><\/p>\n<p class=\"p1\"><a href=\"https:\/\/www.standaard.be\/cnt\/dmf20190320_04270812\" target=\"_blank\" rel=\"noopener noreferrer\">12\u00a0Bazan, A. (2019) Vaccinates, autisme en slordige wetenschap. Waalse Kroniek. De Standaard, 21 maart p. 39.<\/a>\u00a0<a href=\"https:\/\/webmail.ulb.ac.be\/?_task=mail&amp;_framed=1&amp;_action=get&amp;_mbox=INBOX&amp;_uid=1530&amp;_part=4&amp;_frame=1\">pdf<\/a><\/p>\n<p class=\"p1\"><a href=\"https:\/\/www.standaard.be\/cnt\/dmf20190220_04192597\" target=\"_blank\" rel=\"noopener noreferrer\">11 Bazan, A. (2019) Het verleden houdt vooruitgang niet tengen. Waalse Kroniek. De Standaard, 21 januari p. 39.<\/a>\u00a0<a href=\"https:\/\/webmail.ulb.ac.be\/?_task=mail&amp;_framed=1&amp;_action=get&amp;_mbox=INBOX&amp;_uid=1530&amp;_part=3&amp;_frame=1\">pdf<\/a><\/p>\n<p class=\"p1\"><a href=\"https:\/\/www.standaard.be\/cnt\/dmf20190123_04126717\" target=\"_blank\" rel=\"noopener noreferrer\">10 Bazan, A. (2019) Tous ensemble, behalve als\u2026Waalye Kroniek. De Standard, 24\u00a0januari p. 39.<\/a>\u00a0<a href=\"https:\/\/webmail.ulb.ac.be\/?_task=mail&amp;_framed=1&amp;_action=get&amp;_mbox=INBOX&amp;_uid=1530&amp;_part=2&amp;_frame=1\">pdf<\/a><\/p>\n<p class=\"p1\"><a href=\"http:\/\/www.arianebazan.be\/wp-content\/uploads\/2018\/10\/Het-Vlaams-nationalisme-heeft-niets-met-Franstaligen-te-make...-De-Standaard.pdf\" target=\"_blank\" rel=\"noopener noreferrer\">09 Bazan, A. (2018). Het Vlaams-nationalisme heeft niets met Franstaligen te maken. Waalse Kroniek. De Standaard, 13 december p. 39.<\/a><\/p>\n<p class=\"p1\"><a href=\"http:\/\/www.standaard.be\/cnt\/dmf20181107_03924388\" target=\"_blank\" rel=\"noopener noreferrer\"><span style=\"font-size: 12pt;\">08 Bazan, A. (2018). Breng psychologie in de politiek. Waalse Kroniek. De Standaard, 8 november, p. 39<\/span><\/a>.\u00a0\u00a0<a href=\"http:\/\/www.arianebazan.be\/wp-content\/uploads\/2018\/10\/Breng-psychologie-in-de-politiek-De-Standaard.pdf\">pdf psychologie in de politiek\u00a0<\/a><\/p>\n<p class=\"p1\"><a href=\"http:\/\/www.standaard.be\/cnt\/dmf20181010_03825255\" target=\"_blank\" rel=\"noopener noreferrer\"><span style=\"font-size: 12pt;\">07 Bazan, A. (2018). Het leed van wie niet zeurt. Waalse Kroniek. De Standaard, 11 oktober, p. 37. <\/span><\/a><a href=\"http:\/\/www.arianebazan.be\/wp-content\/uploads\/2018\/10\/Het-leed-van-wie-niet-zeurt-De-Standaard.pdf\" target=\"_blank\" rel=\"noopener noreferrer\">pdf zeurt<\/a><\/p>\n<p class=\"p1\"><a href=\"http:\/\/www.standaard.be\/cnt\/dmf20180912_03739356\" target=\"_blank\" rel=\"noopener noreferrer\"><span style=\"font-size: 12pt;\">06 Bazan, A. (2018). Het spook van de splitsing. Waalse Kroniek. De Standaard, 13 september, pp. 38-39.<\/span><\/a>\u00a0 <a href=\"http:\/\/www.arianebazan.be\/wp-content\/uploads\/2018\/09\/Het-spook-van-de-splitsing-De-Standaard.pdf\">pdf splitsing<\/a><\/p>\n<p><span style=\"font-size: 12pt;\"><a href=\"http:\/\/www.standaard.be\/cnt\/dmf20180613_03561538\" target=\"_blank\" rel=\"noopener noreferrer\">05 Bazan, A. (2018). Met empathie alleen komen we er niet. Waalse Kroniek. De Standaard, 14.06.2018, p. 39<\/a>. <a href=\"http:\/\/www.arianebazan.be\/wp-content\/uploads\/2013\/04\/Met-empathie-alleen-komen-we-er-niet-De-Standaard.pdf\" target=\"_blank\" rel=\"noopener noreferrer\">empathie<\/a><\/span><\/p>\n<p style=\"text-align: left; padding-left: 30px;\"><em>Groepen mensen stellen ongeziene uitdagingen die niet meer met &#8216;natuurlijke&#8217; middelen kunnen opgelost worden. Empathie is wat het vormen van banden toelaat in zoogdierengroepen, maar beschaving is wat het onnatuurlijke samenleven van mensen met velen zo dicht op elkaar mogelijk heeft gemaakt. Beschaving rust op historisch gegroeide regels en wetten, die hun oorsprong vinden in structurerende taboes. Een taboe is iets wat je niet doet omwille van de regel zelf, niet omdat er een redelijke motivatie toe is: we stoppen bv voor rood licht. <\/em><em>Wanneer we overspoeld dreigen te raken door emoties, omdat we empathisch open staan voor anderen, moeten we zo sober mogelijk pogen houvast te vinden in deze historisch erfenis van wetten en structuren (en van de scheiding van de machten).\u00a0<\/em><\/p>\n<p><span style=\"font-size: 12pt;\"><a href=\"http:\/\/www.standaard.be\/cnt\/dmf20180516_03516873\" target=\"_blank\" rel=\"noopener noreferrer\">04 Bazan, A. (2018). Abortus blijft beter in de strafwet. De Waalse Kroniek. De Standaard, 17.05.2018, p. 40.<\/a>\u00a0<a href=\"http:\/\/www.arianebazan.be\/wp-content\/uploads\/2013\/04\/06-Abortus-blijft-beter-in-de-strafwet-De-Standaard.pdf\" target=\"_blank\" rel=\"noopener noreferrer\">Abortus<\/a><\/span><\/p>\n<p><span style=\"font-size: 12pt;\"><a href=\"http:\/\/www.standaard.be\/cnt\/dmf20180314_03410042\" target=\"_blank\" rel=\"noopener noreferrer\">03 Bazan, A. (2018).\u00a0Dat lastige vrouwenlijf. Waalse Kroniek. De Standaard, 14.03.2018, p. 40<\/a>. <a href=\"http:\/\/www.arianebazan.be\/wp-content\/uploads\/2013\/04\/Dat-lastige-vrouwenlijf-De-Standaard.pdf\">lijf<\/a><\/span><\/p>\n<p style=\"text-align: left; padding-left: 30px;\"><em>Stel dat een vrouwenlijf op zich, door zijn anatomie, door zijn manier van functioneren, het de mens die erin woont lastiger maakt? Misschien valt er voor vrouwen, meer dan voor mannen, te leren over het eigen plezier uit de aanrakingen door anderen? Een en ander wijst zich anatomisch minder vanzelf uit. Als die lectuur klopt, dan hebben vrouwen paradoxaal genoeg anderen sterker nodig voor de eigen seksuele emancipatie dan mannen.<\/em><\/p>\n<p style=\"text-align: left;\"><span style=\"font-size: 12pt;\"><a href=\"http:\/\/www.standaard.be\/cnt\/dmf20180228_03383532\" target=\"_blank\" rel=\"noopener noreferrer\">02 Bazan, A. (2018). Liefde is onvoorwaardelijk, maar niet onbegrensd. Waalse Kroniek. De Standaard, 01.03.2018.<\/a>\u00a0<a href=\"http:\/\/www.arianebazan.be\/wp-content\/uploads\/2013\/04\/Liefde-is-onvoorwaardelijk-maar-niet-onbegrensd-De-Standaard.pdf\">Liefde\u00a0<\/a><\/span><\/p>\n<p style=\"padding-left: 30px;\"><em>Onvoorwaardelijkheid zegt dat niets wat gebonden is aan de ontvanger het onmogelijk maakt om liefde te krijgen, terwijl begrensdheid op de limieten bij de ander wijst om liefde te geven. Toch zal je in de liefde de grenzen van je geliefde vaak ervaren als voorwaarden waar je zelf niet aan voldoet.<\/em><\/p>\n<p><span style=\"font-size: 12pt;\">Eerste column!\u00a0<a href=\"http:\/\/m.standaard.be\/cnt\/dmf20180214_03358142\" target=\"_blank\" rel=\"noopener noreferrer\">01 Bazan, A. (2018). Voorkomen is niet altijd beter. Waalse Kroniek. De Standaard, 15.02.2018, p. 39.<\/a><\/span><\/p>\n<p style=\"padding-left: 30px;\"><em>ivm stigmatiserend gevaar van vroegdetectie en onvoorwaardelijke steunverlening als sleutel tot emancipatie<\/em><\/p>\n<h1><strong>Andere &#8211; De Standaard\u00a0<\/strong><\/h1>\n<p>04.04.2025, \u2018<a href=\"https:\/\/www.standaard.be\/opinies\/onderschat-de-psychische-impact-van-een-vonnis-niet\/53192814.html\" target=\"_blank\" rel=\"noopener\">Onderschat de psychische impact van een vonnis niet\u2019 (\u2018Ne sous-estimez pas l&#8217;impact psychologique d&#8217;un verdict\u2019)<\/a>. Opinie. De Standaard.<\/p>\n<p>En Belgique, un \u00e9tudiant de m\u00e9decine a \u00e9t\u00e9 reconnu coupable d&#8217;un viol, mais le juge a ordonn\u00e9 une suspension de peine. Apr\u00e8s une soir\u00e9e festive, la jeune fille l&#8217;avait suivi et fait des avances en l&#8217;embrassant.\u00a0M\u00eame si elle \u00e9tait visiblement saoule, il avait eut un rapport sexuel avec elle. La culpabilit\u00e9 a \u00e9t\u00e9 prononc\u00e9 puisque la dame n&#8217;\u00e9tait pas en mesure de donner son consentement. Mais les circonstances du viol et la personnalit\u00e9 du jeune homme (&#8216;talentueux et engag\u00e9&#8217;) ont abouti \u00e0 suspension de peine. Ceci a cr\u00e9\u00e9 un \u00e9norme toll\u00e9 en Belgique, y compris sur les m\u00e9dias sociaux sous forme de doxing. Consult\u00e9e, je propose dans ces deux extraits de presse que quand il y a culpabilit\u00e9, la peine a pour le condamn\u00e9 une valeur psychique de r\u00e9demption. Une peine adapt\u00e9e dans ce cas semble une meilleure solution que l&#8217;impunit\u00e9. En effet, l&#8217;impunit\u00e9 n&#8217;offre pas de rempart \u00e0 une pens\u00e9e jouissive sous le mode &#8216;tu t&#8217;en es bien tir\u00e9, finalement, si une nouvelle occasion se pr\u00e9sente, qu&#8217;est ce qui t&#8217;emp\u00eache de recommencer&#8217;. Elle\u00a0ne permet pas de marquer la transgression et d&#8217;offrir au coupable la marche \u00e0 suivre pour r\u00e9tablir sa l\u00e9gitimit\u00e9 pleine parmi les autres, c&#8217;est \u00e0 dire, cette r\u00e9demption dans l&#8217;\u00e9conomie psychique du coupable.\u00a0Comme le concept de viol a heureusement \u00e9t\u00e9 \u00e9largi dans la loi et dans les pratiques \u00e0 tous les cas o\u00f9 le consentement n&#8217;est pas donn\u00e9 ou ne peut \u00eatre donn\u00e9, il s&#8217;agit aussi d&#8217;\u00e9largir la palette des peines. Une peine sous forme de conf\u00e9rence de justice restaurative ou de cours obligatoires sur le psychotrauma et\/ou la psychosexualit\u00e9 aurait pu constituer un peine adapt\u00e9e.<\/p>\n<p><a href=\"https:\/\/www.standaard.be\/cnt\/dmf20240430_95560045?fbclid=IwZXh0bgNhZW0CMTEAAR28gQyx8SrsJcZ-fhE9Qa8OcuaifmcTa6W7Qpr9Zxz9xY6tTO1tC4gIB6k_aem_AbjnmJ_I8UDosiDUlAFJqqP0wpjvaITRXoO6VgTdMdKNJEVbpOboNe1vr2oZgB45CymRk1YlSvQU_X8gnQPuaEpd\" target=\"_blank\" rel=\"noopener\">04.05.2024, Ann-Sofie Dekeyser, De Standaard (weekend), entretien, Iedereen heeft autisme, OCD, ADHD of een angststoornis: praten we onszelf een diagnose aan?<\/a> (Tout le monde souffre d&#8217;autisme, de TOC, de TDAH ou d&#8217;un trouble anxieux : sommes-nous en train de nous convaincre d&#8217;un diagnostic ?)<\/p>\n<p><a href=\"https:\/\/www.standaard.be\/cnt\/dmf20211101_97865830?&amp;articlehash=BcQX7R3s0aCkNDyGl97PgtV61v%2F7x%2B4L%2BQoQ3Jef0mLGeQb3kYP3Oi4QBZN3sxfhWRCBH57v3Y1TsCF8d%2BTUjQ5WJ%2BIYeWaCT25%2B29qQmE%2FXR%2F19VyqyE839UbL2%2FNzN3D6whqmaSE05dPyiuXkz1Yy%2BAErmKD0MQEFQG7EtcscVBlMyMT0bx6%2FZJ%2FjESUSXirQ1pP3Yl2TJH2f9C0O%2FAvgcY8AQKdinb8n%2BD9oTRAhmI74NpWclhfLEXBntGq5m2mEIbI3J1lhVi5ExIYnaJsuclwIKltT6reP3TE3lSvCFCNeijNWH%2F6m9HMlbWUN8EZxCTvT620%2BnvGxn6Vumfg%3D%3D\" target=\"_blank\" rel=\"noopener\">Vanheule, S., Devisch, I., Bracke, P., Bazan, A., &amp; Calmeyn, M. (2021). Hoe breed moet je een adviescommissie dan samenstellen. Brief van de dag. De Standaard, 02.11.2021.<\/a><\/p>\n<p><a style=\"font-size: 1rem;\" href=\"http:\/\/www.standaard.be\/cnt\/dmf20180527_03532532?utm_source=standaard&amp;utm_medium=social&amp;utm_campaign=send-to-a-friend\" target=\"_blank\" rel=\"noopener noreferrer\">Bazan, A., Lemmens, W. &amp; Van de Vijver, G. (2018). Niemand kan ooit zeggen dat het nooit meer goed komt. Opinies. De Standaard, 28.05.2018, p. 32.<\/a> <a style=\"font-size: 1rem;\" href=\"http:\/\/www.arianebazan.be\/wp-content\/uploads\/2013\/04\/Niemand-kan-ooit-zeggen-dat-het-nooit-meer-goed-komt-De-Standaard.pdf\" target=\"_blank\" rel=\"noopener noreferrer\">Euthanasie<\/a><\/p>\n<p><a href=\"http:\/\/www.standaard.be\/cnt\/dmf20180427_03487720\" target=\"_blank\" rel=\"noopener noreferrer\">Bazan, A. (2018). Jordan Peterson is fout, de mens is geen kreeft. Opinies. De Standaard, 28.04.2018, p. 46-47.<\/a>\u00a0\u00a0<a href=\"http:\/\/www.arianebazan.be\/wp-content\/uploads\/2013\/04\/05-Jordan-Peterson-is-fout-de-mens-is-geen-kreeft-De-Standaard.pdf\" target=\"_blank\" rel=\"noopener noreferrer\">Kreeft<\/a><\/p>\n<p><a href=\"http:\/\/www.standaard.be\/cnt\/dmf20180330_03440280?utm_source=standaard&amp;utm_medium=social&amp;utm_campaign=send-to-a-friend\" target=\"_blank\" rel=\"noopener noreferrer\"> Bazan, A. (2018). Bernini, de man die steen tot leven wekte. De Verrijzenis. De Standaard, 31.03.2018, p. 42-43.<\/a>\u00a0<a href=\"http:\/\/www.arianebazan.be\/wp-content\/uploads\/2013\/04\/310318-Bernini-de-man-die-steen-tot-leven-wekte-De-Standaard.pdf\" target=\"_blank\" rel=\"noopener noreferrer\">Bernini<\/a><\/p>\n<p><a href=\"http:\/\/www.standaard.be\/cnt\/dmf20180209_03348644\" target=\"_blank\" rel=\"noopener noreferrer\">Plets, G. (2018). Vrijdenker Ariane Bazan: \u00a0\u2018Vrouwen zijn ook een object,het lijf is daar\u2019. De Standaard Weekblad, 10.02.2018<\/a><\/p>\n<p><em>over vrouwen, maar ook over klinische psychologie, psychoanalyse, onvoorwaardelijkheid, en over ethiek en de dans van het leven<\/em><\/p>\n<p><a href=\"http:\/\/www.standaard.be\/cnt\/dmf20180126_03324026\" target=\"_blank\" rel=\"noopener noreferrer\">Bazan, A. (2018). Geef psychologen vertrouwen, <em>De Standaard, opinie &amp; analyse<\/em>, 27&amp;28-01-2018, p. 41<\/a> \u00a0\u00a0<a href=\"http:\/\/www.arianebazan.be\/wp-content\/uploads\/2013\/04\/20180127_DS_DN_077_0.pdf\" target=\"_blank\" rel=\"noopener noreferrer\">20180127_DS_DN_077_0<\/a><\/p>\n<p><a href=\"http:\/\/www.standaard.be\/cnt\/dmf20171017_03138086\" target=\"_blank\" rel=\"noopener noreferrer\">Bazan, A. (2017). De boomerang van #metoo.\u00a0De Standaard, opinie &amp; analyse, 18-10-2017, p. 36<\/a>. <a href=\"http:\/\/www.arianebazan.be\/wp-content\/uploads\/2013\/04\/20171018_DS_DW_048_0-boomerang-metoo.pdf\">20171018<\/a><\/p>\n<p><a href=\"http:\/\/www.standaard.be\/cnt\/dmf20170928_03101963\" target=\"_blank\" rel=\"noopener noreferrer\">29.09.2017, De Standaard, Opinies. Zeg niet te snel: ze kunnen er niets aan doen<\/a><\/p>\n<p><em>Kinderen die gedragsproblemen vertonen, belanden te vaak in de psychiatrie, schrijft\u00a0 \u00a0 \u00a0 \u00a0 \u00a0 \u00a0 \u00a0 \u00a0 \u00a0 Kollectief Zonder Dwang. We moeten ze langer in hun vertrouwde omgeving proberen te houden, zodat ze de band met hun vertrouwenspersonen niet verliezen.<\/em><\/p>\n","protected":false},"excerpt":{"rendered":"<p>! Alle teksten van de kronieken ook op deze websites onder &#8220;Posts&#8221; ! 71 13.03.25, Soms heeft een vrouw een man nodig om haar startknop te vinden. Column. De Standaard. 70 13.02.25, Met diagnostische labels richten psychologen vaak nog meerschade &hellip; <a href=\"https:\/\/www.arianebazan.be\/?page_id=2350\">Continue reading <span class=\"meta-nav\">&rarr;<\/span><\/a><\/p>\n","protected":false},"author":1,"featured_media":0,"parent":2244,"menu_order":0,"comment_status":"closed","ping_status":"closed","template":"","meta":{"spay_email":""},"_links":{"self":[{"href":"https:\/\/www.arianebazan.be\/index.php?rest_route=\/wp\/v2\/pages\/2350"}],"collection":[{"href":"https:\/\/www.arianebazan.be\/index.php?rest_route=\/wp\/v2\/pages"}],"about":[{"href":"https:\/\/www.arianebazan.be\/index.php?rest_route=\/wp\/v2\/types\/page"}],"author":[{"embeddable":true,"href":"https:\/\/www.arianebazan.be\/index.php?rest_route=\/wp\/v2\/users\/1"}],"replies":[{"embeddable":true,"href":"https:\/\/www.arianebazan.be\/index.php?rest_route=%2Fwp%2Fv2%2Fcomments&post=2350"}],"version-history":[{"count":29,"href":"https:\/\/www.arianebazan.be\/index.php?rest_route=\/wp\/v2\/pages\/2350\/revisions"}],"predecessor-version":[{"id":3776,"href":"https:\/\/www.arianebazan.be\/index.php?rest_route=\/wp\/v2\/pages\/2350\/revisions\/3776"}],"up":[{"embeddable":true,"href":"https:\/\/www.arianebazan.be\/index.php?rest_route=\/wp\/v2\/pages\/2244"}],"wp:attachment":[{"href":"https:\/\/www.arianebazan.be\/index.php?rest_route=%2Fwp%2Fv2%2Fmedia&parent=2350"}],"curies":[{"name":"wp","href":"https:\/\/api.w.org\/{rel}","templated":true}]}}