{"id":29,"date":"2013-04-13T07:51:21","date_gmt":"2013-04-13T07:51:21","guid":{"rendered":"http:\/\/www.arianebazan.be\/?page_id=29"},"modified":"2024-11-09T07:16:46","modified_gmt":"2024-11-09T07:16:46","slug":"english","status":"publish","type":"page","link":"https:\/\/www.arianebazan.be\/?page_id=29","title":{"rendered":"English"},"content":{"rendered":"<p><span lang=\"FR-CA\" style=\"font-size: 14.0pt; mso-bidi-font-size: 12.0pt; font-family: 'Trebuchet MS'; color: gray; letter-spacing: 2.0pt; mso-ansi-language: FR-CA;\">Copyright Notice<\/span><\/p>\n<p>The documents distributed here have been provided as a means to ensure timely dissemination of scholarly and technical work on a noncommercial basis. Copyright and all rights therein are maintained by the authors or by other copyright holders (usually the publisher), notwithstanding that they have offered their works here electronically. It is understood that all persons copying this information will adhere to the terms and constraints by the copyrights acknowledged in the publication. These works may not be reposted without the explicit permission of the copyright holder.<\/p>\n<p>\u00a0<\/p>\n<p><em><span style=\"color: #808080; font-family: 'Trebuchet MS'; font-size: large;\"><span style=\"caret-color: #808080; letter-spacing: 2.6666667461395264px;\">2024<\/span><\/span><\/em><\/p>\n<p>Vitkova, V., Cebolla, A., Ristori, D., Bazan, A., Cheron, G. (2024). Long-lasting negativity in the left motoric brain structures during word memory inhibition in the Think\/No-Think paradigm. Scientific Reports, 14, 10907. https:\/\/doi.org\/10.1038\/s41598-024-60378-y<\/p>\n<p>Flores Mosri, D., Abrams, J., Balchin, R., Barry, V. C., Bazan, A., Biran, I., Coetzer, R., Friston, K., Hjertaas, T., Kessler, R., Moore, P., Mu\u00f1oz Z\u00fa\u00f1iga, J.F., Nersessian, E., Olds, D., Solms, M., Turnbull, O., Watt, D., Zellner, M. (2024). Celebration of the 25th anniversary of Neuropsychoanalysis: Saturday, December 2, 2023. Neuropsychoanalysis, 1\u201317. https:\/\/doi.org\/10.1080\/15294145.2024.2346758<\/p>\n<p><a href=\"http:\/\/www.arianebazan.be\/wp-content\/uploads\/2024\/11\/Bazan-JCP-unconscious-structured-as-a-language-preproof-2024-5.pdf\" target=\"_blank\" rel=\"noopener\">Bazan, A. (2024). The unconscious is structured as a language: Evidence from the lab in support of clinical practice. <\/a><em><a href=\"http:\/\/www.arianebazan.be\/wp-content\/uploads\/2024\/11\/Bazan-JCP-unconscious-structured-as-a-language-preproof-2024-5.pdf\" target=\"_blank\" rel=\"noopener\">Journal of Contemporary Psychotherapy.<\/a><\/em>\u00a0https:\/\/doi.org\/10.1007\/s10879-024-09651-9<\/p>\n<p><em><span style=\"color: #808080; font-family: 'Trebuchet MS'; font-size: large;\"><span style=\"caret-color: #808080; letter-spacing: 2.6666667461395264px;\">2023<\/span><\/span><\/em><\/p>\n<p><a href=\"https:\/\/www.tandfonline.com\/doi\/epdf\/10.1080\/15294145.2023.2284697?needAccess=true\" target=\"_blank\" rel=\"noopener\">Bazan, A. (2023). Primary and secondary process mentation: Two modes of acting and thinking from Freud to modern neurosciences. <em>Neuropsychoanalysis<\/em><\/a>, DOI: 1080\/15294145.2023.2284697<\/p>\n\n\n<p><strong>Abstract<\/strong><\/p>\n\n\n\n<p>The purpose of this study is to return to Freud\u2019s original descriptions of the primary and secondary processes in the light of modern neurosciences. In his&nbsp;<em>Project for a Scientific Psychology<\/em>, Freud draws the axes of the architecture of a mental apparatus: on a horizontal plane, the primary process transfers the excitation by impinging stimuli over a sequence of analogous states towards their discharge; thus, the primary process is essentially characterized by its associative tendency. On a vertical plane, the secondary process opposes the primary bottom-up pressure by a top-down inhibition with its origins in the purposive idea: the secondary process is essentially characterized by its inhibitory interventions. Freud later proposed that the primary and secondary process are seeking for perceptual, respectively thought identity. These different elements are coherent with the dynamics of the ventral and dorsal brain pathways respectively. Moreover, the dorsal pathway has an inhibitory influence upon the ventral pathway, much like the secondary has upon the primary. This influence is exerted thanks to what Freud called the \u201cindications of reality.\u201d We propose to equate these indications with the efference copies in modern neurosciences since they proceed from the same physiology and have the same function, besides originating from the same Helmholtzian source. Finally, even if both primary and secondary processes serve the death drive through the pleasure and the reality principle respectively, only the secondary process, requiring the bearing of an accumulation of excitations, also serves the life drive.<\/p>\n\n\n\n<p class=\"has-white-color has-vivid-cyan-blue-background-color has-text-color has-background\">R\u00e9sum\u00e9 en Fran\u00e7ais : L\u2019objectif de cette \u00e9tude est de revenir aux descriptions originales de Freud des processus primaires et secondaires \u00e0 la lumi\u00e8re des neurosciences modernes. Dans son Projet de psychologie scientifique, Freud dessine les axes de l\u2019architecture d\u2019un appareil mental : sur un plan horizontal, le processus primaire transf\u00e8re l\u2019excitation en faisant entrer des stimuli sur une s\u00e9quence d\u2019\u00e9tats analogues vers leur d\u00e9charge ; Ainsi, le processus primaire est essentiellement caract\u00e9ris\u00e9 par sa tendance associative. Sur un plan vertical, le processus secondaire s\u2019oppose \u00e0 la pression primaire ascendante par une inhibition descendante qui trouve son origine dans l\u2019id\u00e9e t\u00e9l\u00e9ologique : le processus secondaire est essentiellement caract\u00e9ris\u00e9 par ses interventions inhibitrices. Freud a propos\u00e9 plus tard que le processus primaire et secondaire sont la recherche d\u2019une identit\u00e9 perceptuelle, respectivement de la pens\u00e9e. Ces diff\u00e9rents \u00e9l\u00e9ments sont coh\u00e9rents avec la dynamique des voies c\u00e9r\u00e9brales ventrales et dorsales respectivement. De plus, la voie dorsale a une influence inhibitrice sur la voie ventrale, tout comme la voie secondaire sur la voie primaire. Cette influence s\u2019exerce gr\u00e2ce \u00e0 ce que Freud appelait les \u00ab indications de la r\u00e9alit\u00e9 \u00bb. Nous proposons d\u2019assimiler ces indications aux copies d\u2019eff\u00e9rence des neurosciences modernes puisqu\u2019elles proc\u00e8dent de la m\u00eame physiologie et ont la m\u00eame fonction, en plus de provenir de la m\u00eame source helmholtzienne. Enfin, m\u00eame si les processus primaires et secondaires servent respectivement la pulsion de mort par le principe de plaisir et le principe de r\u00e9alit\u00e9, seul le processus secondaire, n\u00e9cessitant l\u2019accumulation d\u2019une accumulation d\u2019excitations, sert \u00e9galement la pulsion de vie.<\/p>\n\n\n\n<p><a rel=\"noopener\" href=\"https:\/\/www.frontiersin.org\/articles\/10.3389\/fnhum.2022.965183\/full\" target=\"_blank\">Olyff, G., &amp; Bazan, A. (2023). People solve rebuses unwittingly \u2013 both forward and backward: Empirical evidence for the mental effectiveness of the signifier. Frontiers in Human Neuroscience, 16<\/a>. DOI=10.3389\/fnhum.2022.965183 <\/p>\n\n\n\n<p><a rel=\"noopener\" href=\"https:\/\/www.tandfonline.com\/doi\/full\/10.1080\/15294145.2023.2169955\" target=\"_blank\">Bazan, A., &amp; Brakel, L.A.W. (2023). The GeoCat 1.3, a simple tool for the measurement of Freudian primary and secondary process thinking. Neuropsychoanalysis. DOI: 10.1080\/15294145.2023.2169955<\/a> <\/p>\n\n\n\n<p><a rel=\"noopener\" href=\"https:\/\/www.frontiersin.org\/articles\/10.3389\/fnhum.2023.1033671\/full\" target=\"_blank\">Thieffry, L., Olyff, G., Pioda, L., Detandt, S., &amp; Bazan, A. (2023). Running away from phonological ambiguity, we stumble upon our words &#8211; Laboratory Induced Slips show differences between high and low defensive people. Frontiers in Human Neuroscience, 1717:1033671<\/a>. DOI: 10.3389\/fnhum.2023.1033671 <\/p>\n\n\n\n<p><a rel=\"noopener\" href=\"https:\/\/pubmed.ncbi.nlm.nih.gov\/37525891\/\" target=\"_blank\">Polipo, N.F., Willemsen, J., Hustinx, M., Bazan, A. (2023). Developing psychoanalytic case conceptualization skills through didactic teaching: A randomized controlled trial. Psychotherapy Research<\/a>, DOI: 10.1080\/10503307.2023.2241623. <\/p>\n\n\n\n<p><a rel=\"noopener\" href=\"https:\/\/ipbooks.net\/product\/the-science-of-psychoanalysis-the-realization-of-freuds-promise-essays-in-honor-of-howard-shevrin\/?fbclid=IwAR1i9Fvb4NJ8Yzs4oJTl5fdUU0iEC7qVINP4pGyCgXly7HPNKUZimuQZmZI\" target=\"_blank\">Bazan, A., Olyff, G., Steinig, J., Van de Vijver, G. (2023). On Rebuses, and on Howie. In: <em>The Science of Psychoanalysis: The Realization of Freud\u2019s Promise. Festschrift in Honor of Howard Shevrin<\/em>, Robert Hunt Berry, editor, pp. 55-72<\/a>. <\/p>\n\n\n\n<p> <span lang=\"FR-CA\" style=\"font-size: 14.0pt; mso-bidi-font-size: 12.0pt; font-family: 'Trebuchet MS'; color: gray; letter-spacing: 2.0pt; mso-ansi-language: FR-CA;\">2021<\/span> <\/p>\n\n\n\n<p><a rel=\"noopener\" href=\"http:\/\/www.arianebazan.be\/wp-content\/uploads\/2023\/03\/PDF-Ariane-Bazan-chapter-clinical-neuropsychoanalysis-aphasia.pdf\" target=\"_blank\">Bazan, A. &amp; Van de Vijver, G., Caine, D. (2021). Lacanian neuropsychoanalysis. On the role of language motor dynamics for language processing, and for mental constitution. Dans: Christian Salas, Oliver Turnbull and Mark Solms (Eds.) Clinical Studies in Neuropsychoanalysis 2, Routledge.<\/a> <\/p>\n\n\n\n<p><span style=\"font-size: revert; color: initial; font-family: -apple-system, BlinkMacSystemFont, 'Segoe UI', Roboto, Oxygen-Sans, Ubuntu, Cantarell, 'Helvetica Neue', sans-serif;\">In the first volume of Clinical Neuropsychoanalysis, Kaplan-Solms and Solms (2001) compare a patient with a Broca-type aphasia, Mr. J, and one with a Wernicke-type aphasia, Mrs. K. Broadly speaking, the authors find that Mr. J\u2019s \u2018ego functioning\u2019 is \u2018normal\u2019, i.e. that he can reappraise and adjust to changed realities, even if he has enormous difficulties expressing himself verbally, while Mrs. K\u2019s speech production is fluent but she often \u2018goes blank\u2019 mentally, being unable both to understand non-idiomatic speech and to bring her own speech intentions into execution. The authors conclude that (1) \u201cThe motor aspect of the word, then, and therefore the motor com- ponent of the speech apparatus \u2013 Broca\u2019s area \u2013 (&#8230;) is little more than an output channel for the ego\u2019s complex workings; its role in verbal thinking is superfluous.\u201d (p. 89; their italics) and (2) \u201cthe auditory-component of word presentation does participate in some way in the executive functioning of the ego.\u201d (p. 114). In what follows we will spell out how, to the contrary, in our view the motor component of the speech apparatus is actually constitutive of access to symbolic language (and hence of ego-functioning), while the auditory component is no more than an auxiliary for this access. Having done so, we provide an alternative explanation for Mrs. K\u2019s mental failures and Mr. J\u2019s mental robustness, in terms of dorsal and ventral language pathways, and of secondary and primary processing, in place of the traditional framework of Broca\u2019s and Wernicke\u2019s aphasias.<\/span> <\/p>\n\n\n\n<p><span lang=\"FR-CA\" style=\"font-size: 14.0pt; mso-bidi-font-size: 12.0pt; font-family: 'Trebuchet MS'; color: gray; letter-spacing: 2.0pt; mso-ansi-language: FR-CA;\">2020<\/span><\/p>\n\n\n\n<p><a rel=\"noopener\" href=\"http:\/\/www.arianebazan.be\/wp-content\/uploads\/2022\/07\/Article-Eyes-Wide-Shut.pdf\" target=\"_blank\">Bruxelmane, J., Shin, J., Olyff, G. &amp; Bazan, A. (2020). Eyes wide shut: primary process opens up. Frontiers in Psychology, 11, 145. DOI=10.3389\/fpsyg.2020.00145<\/a> <\/p>\n\n\n\n<p><\/p>\n\n\n\n<p><span style=\"color: #808080; font-family: 'Trebuchet MS'; font-size: large;\"><span style=\"caret-color: #808080; letter-spacing: 2.6666667461395264px;\">2019<\/span><\/span><\/p>\n\n\n\n<p>Balchin, R., Barry, V., Bazan, A., Blechner, M. J., Clarici, A., Mosri, D. F., Fotopoulou, A., Goergen, M. S., Kessler, R., Matthis, I., Z\u00fa\u00f1iga, J. F. M., Northoff, G., Olds, D., Oppenheim, L., Reismann-Lagr\u00e8ze, D., Tsakiris, M., Watt, D., Yeates, G., &amp; Zellner, M. (2019). Reflections on 20 years of <em>Neuropsychoanalysis<\/em>. <em>Neuropsychoanalysis, 21<\/em>(2), 89-123. DOI: <a href=\"https:\/\/doi.org\/10.1080\/15294145.2019.1695978\">1080\/15294145.2019.1695978<\/a><\/p>\n\n\n\n<p><\/p>\n\n\n\n<p class=\"has-medium-font-size\"><span style=\"font-size: 1rem;\">Vanheule, S., Adriaens, P., Bazan, A., Bracke, P., Devisch, I., Feys, J-L., Froyen, B., Gerard, S., Nieman, D., Van Os, J., &amp; Calmeyn, M. (2019). Belgian Governmental Superior Health Council advises against the use of the DSM categories and promotes contextualising psychiatric diagnosis. <\/span><em style=\"font-size: 1rem;\">The Lancet Psychiatry, v6, <\/em><span style=\"font-size: 1rem;\">726<\/span><em style=\"font-size: 1rem;\">.<\/em> <\/p>\n\n\n\n<p><a style=\"font-size: 1rem;\" rel=\"noopener noreferrer\" href=\"https:\/\/www.frontiersin.org\/articles\/10.3389\/fnhum.2019.00077\/full\" target=\"_blank\">Bazan, A., Kushwaha, R., Winer, E.S., Snodgrass, J.M., Brakel, L.A.W, Shevrin, H. (2019). Phonological ambiguity detection outside of consciousness, and its defensive avoidance. <em>Frontiers in Human Neuroscience 13, <\/em> doi: 10.3389\/fnhum.2019.00077<\/a> <\/p>\n\n\n\n<p><a rel=\"noopener\" href=\"https:\/\/www.researchgate.net\/publication\/331215685_Empirical_Evidence_for_Psychic_Transparency_in_Pregnancy\" target=\"_blank\">Bazan, A., Jorge Mendes, S., Antoine-Moussiaux, J., Prys, D. (2019, February 18)<em>.<\/em> Empirical evidence for psychic transparency in pregnancy. <em>Psychoanalytic Psychology<\/em>. Advance online publication. http:\/\/dx.doi.org\/10.1037\/pap0000212<\/a><\/p>\n\n\n\n<p><\/p>\n\n\n\n<p><span lang=\"FR-CA\" style=\"font-size: 14.0pt; mso-bidi-font-size: 12.0pt; font-family: 'Trebuchet MS'; color: gray; letter-spacing: 2.0pt; mso-ansi-language: FR-CA;\">2018<\/span><\/p>\n\n\n\n<p><a rel=\"noopener\" href=\"http:\/\/www.arianebazan.be\/wp-content\/uploads\/2013\/04\/Entretien-Bazan-Poenaru.pdf\" target=\"_blank\">Bazan, A. &amp; Poenaru, L. (2018). \u00ab Le lieu vide comme garant de libert\u00e9 et de changement. Entretien avec Ariane Bazan \u00bb. <em>In analysis (2)<\/em> 87-92.<\/a><\/p>\n\n\n\n<p><a rel=\"noopener noreferrer\" href=\"http:\/\/www.tandfonline.com\/eprint\/GJMEVJFhVGNhQH9Pmgm6\/full#aHR0cDovL3d3dy50YW5kZm9ubGluZS5jb20vZG9pL3BkZi8xMC4xMDgwLzA4MDM3MDZYLjIwMTcuMTM5MjA0MD9uZWVkQWNjZXNzPXRydWVAQEAw\" target=\"_blank\"><span style=\"font-size: 12pt;\">Bazan, A. (2018). Psychoanalysis and academia: Psychoanalysis at the crossroads between exact and human sciences, International Forum of Psychoanalysis, DOI: 10.1080\/0803706X.2017.1392040<\/span><\/a><\/p>\n\n\n\n<p><\/p>\n\n\n\n<p><span lang=\"FR-CA\" style=\"font-size: 14.0pt; mso-bidi-font-size: 12.0pt; font-family: 'Trebuchet MS'; color: gray; letter-spacing: 2.0pt; mso-ansi-language: FR-CA;\">2017<\/span><\/p>\n\n\n\n<p><span style=\"font-size: 12pt;\"><a rel=\"noopener noreferrer\" href=\"https:\/\/www.frontiersin.org\/articles\/10.3389\/fpsyg.2017.02244\/full\" target=\"_blank\">Van de Vijver, G., Bazan, A., Detandt, S. (2017). The Mark, the Thing, and the Object: On What Commands Repetition\u00a0in Freud and Lacan. <em>Frontiers in Psychology,\u00a08<\/em>, 2244. DOI=10.3389\/fpsyg.2017.02244<\/a><\/span> <p style=\"text-align: justify;\"><span style=\"font-size: 12pt;\"><a rel=\"noopener noreferrer\" href=\"https:\/\/www.frontiersin.org\/articles\/10.3389\/fpsyg.2017.01955\/full\" target=\"_blank\">Steinig, J., Bazan, A. Happe, S., Antonetti, S., Shevrin, H. (2017). Processing of a subliminal rebus during sleep: Idiosyncratic primary versus secondary process associations upon awakening of REM- versus non-REM-sleep. Frontiers in Psychology, 8, 1955. DOI=10.3389\/fpsyg.2017.01955<\/a><\/span><\/p> <p style=\"text-align: justify;\"><span style=\"font-size: 12pt;\"><a rel=\"noopener noreferrer\" href=\"https:\/\/www.sciencedirect.com\/science\/article\/pii\/S1388245717309045\" target=\"_blank\">Detandt, S., Bazan, A., Quertemont, E., &amp; Verbanck, P. (2017).\u00a0Smoking addiction the shift from head to hands. Approach bias towards smoking-related cues in low dependent versus dependent smokers. <em>Journal of Psychopharmacology<\/em>; 31(7):819-829. doi: 10.1177\/0269881117699606.<\/a><\/span><\/p> <p style=\"text-align: justify;\"><span style=\"font-size: 12pt;\"><a rel=\"noopener noreferrer\" href=\"https:\/\/www.sciencedirect.com\/science\/article\/pii\/S1388245717309045\" target=\"_blank\">Detandt, S., Bazan, A., Schroder, E., Olyff, G., Kajosch, H., Verbanck, P., &amp; Campanella, S. (2017<em>)<\/em>.\u00a0A smoking-related background helps smokers to focus. An Event-Related Potentials study during\u00a0a Go-NoGo Task in smokers. <em>Clinical Neurophysiology, 128, 1872-1885.\u00a0 <\/em><\/a><em><a rel=\"noopener\" href=\"http:\/\/www.arianebazan.be\/wp-content\/uploads\/2022\/05\/Article-A-smoking-related-background...pdf\" target=\"_blank\">pdf<\/a><\/em><\/span><\/p> <p style=\"text-align: justify;\"><span style=\"font-size: 12pt; color: #333399;\"><a style=\"color: #333399;\" rel=\"noopener noreferrer\" href=\"https:\/\/www.researchgate.net\/publication\/317039063_Alpha_synchronization_as_a_brain_model_for_unconscious_defense_An_overview_of_the_work_of_Howard_Shevrin_and_his_team\" target=\"_blank\">Bazan, A. (2017). Alpha synchronization as a brain model for unconscious defense: An overview of the work of Howard Shevrin and his team. \u00a0<em>The International Journal of Psychoanalysis<\/em> doi:10.1111\/1745-8315.12629 .<\/a>\u00a0 \u00a0\u00a0<\/span><a rel=\"noopener\" href=\"http:\/\/www.arianebazan.be\/wp-content\/uploads\/2013\/04\/Bazan-alpha-synchronization-IJP-2017.pdf\" target=\"_blank\">pdf IJP 2017<\/a><\/p> <p style=\"text-align: justify;\">\u00a0<a style=\"font-size: 12pt;\" rel=\"noopener noreferrer\" href=\"https:\/\/www.psychologicabelgica.com\/article\/10.5334\/pb.340\/\" target=\"_blank\"><img loading=\"lazy\" width=\"293\" height=\"300\" class=\"size-medium wp-image-1572 aligncenter\" src=\"http:\/\/www.arianebazan.be\/wp-content\/uploads\/2013\/04\/Capture-d\u2019\u00e9cran-2017-03-01-\u00e0-15.01.39-e1488747724433-293x300.png\" alt=\"\" srcset=\"https:\/\/www.arianebazan.be\/wp-content\/uploads\/2013\/04\/Capture-d\u2019\u00e9cran-2017-03-01-\u00e0-15.01.39-e1488747724433-293x300.png 293w, https:\/\/www.arianebazan.be\/wp-content\/uploads\/2013\/04\/Capture-d\u2019\u00e9cran-2017-03-01-\u00e0-15.01.39-e1488747724433-624x638.png 624w, https:\/\/www.arianebazan.be\/wp-content\/uploads\/2013\/04\/Capture-d\u2019\u00e9cran-2017-03-01-\u00e0-15.01.39-e1488747724433-768x786.png 768w, https:\/\/www.arianebazan.be\/wp-content\/uploads\/2013\/04\/Capture-d\u2019\u00e9cran-2017-03-01-\u00e0-15.01.39-e1488747724433.png 919w\" sizes=\"(max-width: 293px) 100vw, 293px\" \/><\/a><\/p> <p style=\"text-align: justify;\"><span style=\"font-size: 12pt; color: #333399;\"><span style=\"color: #333399;\"><a style=\"color: #333399;\" href=\"http:\/\/journal.frontiersin.org\/article\/10.3389\/fpsyg.2017.01259\/full?&amp;utm_source=Email_to_authors_&amp;utm_medium=Email&amp;utm_content=T1_11.5e1_author&amp;utm_campaign=Email_publication&amp;field=&amp;journalName=Frontiers_in_Psychology&amp;id=271363\">Bazan, A. &amp; Detandt, S. (2017). The grand challenge for psychoanalysis and neuropsychoanalysis: a science of the subject.\u00a0<em>Frontiers in Psychology 8, 1259 doi:\u00a010.3389\/fpsyg.2017.01259.<\/em><\/a>\u00a0 \u00a0<\/span><\/span><\/p> <p style=\"text-align: justify;\"><a style=\"font-size: 12pt;\" rel=\"noopener noreferrer\" href=\"https:\/\/www.psychologicabelgica.com\/article\/10.5334\/pb.340\/\" target=\"_blank\">Detandt, S., Leys, C. &amp; Bazan, A., (2017). A French Translation of the Pleasure Arousal Dominance (PAD) Semantic Differential Scale for the Measure of Affect and Drive. <em>Psychologica Belgica<\/em>, 57(1), 17\u201331. \u00a0DOI: http:\/\/doi.org\/10.5334\/pb.340<\/a><\/p> <span lang=\"FR-CA\" style=\"font-size: 14.0pt; mso-bidi-font-size: 12.0pt; font-family: 'Trebuchet MS'; color: gray; letter-spacing: 2.0pt; mso-ansi-language: FR-CA;\">2016<\/span> <p style=\"text-align: justify;\"><span style=\"font-size: 12pt;\"><a rel=\"noopener noreferrer\" href=\"http:\/\/www.arianebazan.be\/wp-content\/uploads\/2013\/04\/Continued-dialogue-on-the-Oxford-style-debate-15th-Congress-International-Neuropsychoanalysis-Society-New-York-City-2014.pdf\" target=\"_blank\">Mosri, D. F., Axmacher, N., Bazan, A. &amp; Kessler, R. J. (2016). Continued Dialogue on The Oxford-style Debate from the 15th Annual Congress of the International Neuropsychoanalysis Society New York City, 2014, Neuropsychoanalysis, <em>18<\/em>(1), 69-77.<\/a><\/span><\/p> <span lang=\"FR-CA\" style=\"font-size: 14.0pt; mso-bidi-font-size: 12.0pt; font-family: 'Trebuchet MS'; color: gray; letter-spacing: 2.0pt; mso-ansi-language: FR-CA;\">2015<\/span> <p style=\"text-align: justify;\"><span style=\"font-size: 12pt;\">Bazan, A. (2015). The Role of Biology in the Advent of Psychology. Neuropsychoanalysis and the Foundation of a Mental Level of Causality. In: <em>Neuroscience and Critique: Exploring the Limits or Neurological Turn. <\/em>Jan De Vos et Ed Pluth, 173-187.<\/span><\/p> <p style=\"text-align: justify;\"><a rel=\"noopener\" href=\"https:\/\/www.researchgate.net\/publication\/284438011_Euthanasia_for_psychiatric_patients_ethical_and_legal_concerns_about_the_Belgian_practice#fullTextFileContent\" target=\"_blank\">Claes, S., Vanbouwel, V., Haekens, A., Eneman, M., Otte, G., De Lepeleire, J., Calmeyn, M., Bazan, A., &amp; Lemmens, W. (2015). Euthanasia for psychiatric patients: ethical and legal concerns about the Belgian practice. <em>BMJ Open<\/em> <strong>5<\/strong>:7 e007454 doi:10.1136\/bmjopen-2014-007454 (IF\u00a0: 2.413)<\/a><\/p> <p style=\"text-align: justify;\"><a rel=\"noopener\" href=\"http:\/\/www.arianebazan.be\/wp-content\/uploads\/2023\/08\/Ariane-Bazan-SandrineDetandt-CFAR-Trauma-2015.pdf\" target=\"_blank\">Bazan, A. &amp; Detandt, S. (2015).\u00a0Trauma and jouissance, a neuropsychoanalytic perspective. Journal of the Centre for Freudian Analysis and Research (JCFAR), 26, 99-127.<\/a><\/p> <p style=\"text-align: justify;\"><span style=\"font-size: 12pt;\"><a href=\"http:\/\/www.arianebazan.be\/wp-content\/uploads\/2023\/08\/152941452E20152E1038131.pdf\">Bazan, A. (2015). Speaking to the subject or speaking to the function: each address requires its proper terms \u2013 Commentary. The Oxford-style debate: the 15th neuropsychoanalysis congress, New York, 2014: \u201cThis house believes that neuroscientific terms must never replace psychoanalytic ones\u201d. Neuropsychoanalysis. http:\/\/dx.doi.org\/10.1080\/15294145.2015.1038131<\/a><\/span><\/p> <p class=\"MsoNormal\" style=\"margin-left: 18.0pt; text-align: justify; text-indent: -18.0pt; mso-list: l1 level1 lfo1; tab-stops: list 18.0pt;\"><\/p> <p class=\"MsoNormal\" style=\"margin-left: 18.0pt; text-align: justify; text-indent: -18.0pt; mso-list: l1 level1 lfo1; tab-stops: list 18.0pt;\"><\/p> <span lang=\"FR-CA\" style=\"font-size: 14.0pt; mso-bidi-font-size: 12.0pt; font-family: 'Trebuchet MS'; color: gray; letter-spacing: 2.0pt; mso-ansi-language: FR-CA;\">2013<\/span> <p class=\"MsoNormal\" style=\"margin-left: 18.0pt; text-align: justify; text-indent: -18.0pt; mso-list: l1 level1 lfo1; tab-stops: list 18.0pt;\"><\/p> <p class=\"MsoNormal\" style=\"margin-left: 18.0pt; text-align: justify; text-indent: -18.0pt; mso-list: l1 level1 lfo1; tab-stops: list 18.0pt;\"><\/p> <p class=\"MsoNormal\" style=\"margin-left: 18.0pt; text-align: justify; text-indent: -18.0pt; mso-list: l1 level1 lfo1; tab-stops: list 18.0pt;\"><span style=\"font-size: medium;\"><a rel=\"noopener noreferrer\" href=\"http:\/\/www.arianebazan.be\/wp-content\/uploads\/2013\/04\/Bazan-commentary-Solms-The-conscious-Id-09122012.pdf\" target=\"_blank\">Bazan, A. (2013).\u00a0Repression as the condition for consciousness. Invited commentary on : \u201cThe conscious Id\u201d, M. Solms.\u00a0<em>Neuropsychoanalysis, 25, 1, 20-24<\/em><\/a>.\u00a0<\/span><\/p> <p class=\"MsoNormal\" style=\"margin-left: 18.0pt; text-align: justify; text-indent: -18.0pt; mso-list: l1 level1 lfo1; tab-stops: list 18.0pt;\"><a title=\"physiology of jouissance\" rel=\"noopener noreferrer\" href=\"http:\/\/www.frontiersin.org\/Journal\/10.3389\/fnhum.2013.00709\/abstract\" target=\"_blank\"><span style=\"font-size: medium;\"><span lang=\"EN-US\">Bazan, A. &amp; Detandt, S. (2013).<i style=\"mso-bidi-font-style: normal;\">\u00a0 <\/i>On the physiology of jouissance: interpreting the mesolimbic dopaminergic reward functions from a psychoanalytic perspective. <em>Frontiers in Human Neuroscience <\/em>doi: 10.3389\/fnhum.2013.00709<\/span><\/span><\/a><\/p> <script><\/script> <div class=\"altmetric-embed\" data-badge-type=\"donut\" data-altmetric-id=\"1824047\"> <p class=\"MsoNormal\" style=\"margin-left: 18.0pt; text-align: justify; text-indent: -18.0pt; mso-list: l1 level1 lfo1; tab-stops: list 18.0pt;\"><a rel=\"noopener noreferrer\" href=\"http:\/\/www.ncbi.nlm.nih.gov\/pmc\/articles\/PMC3763585\/\" target=\"_blank\"><span style=\"font-size: medium;\">Shevrin, H., Snodgrass, M., Brakel, L.A., Kushwaha, R., Kalaida, N.L., Bazan, A. (2013). Subliminal unconscious conflict alpha power inhibits supraliminal conscious symptom experience. <i>Frontiers in Human Neuroscience 5, 7, 544. <\/i>doi: 10.3389\/fnhum.2013.00544.<\/span><\/a><\/p> <script><\/script> <div class=\"altmetric-embed\" data-badge-type=\"donut\" data-altmetric-id=\"1824047\"> <p class=\"MsoNormal\" style=\"margin-left: 18.0pt; text-align: justify; text-indent: -18.0pt; mso-list: l1 level1 lfo1; tab-stops: list 18.0pt;\"><span style=\"font-size: medium;\">Bazan, A., Van Draege, K., De Kock, L., Brakel, L.A.W., Geerardyn, F., Shevrin, H. (2013). Empirical evidence for primary process mentation in acute psychosis.\u00a0<em>Psychoanalytic Psychology,<\/em>\u00a030(1), 57-74. \u00a0<a rel=\"noopener noreferrer\" href=\"http:\/\/www.arianebazan.be\/wp-content\/uploads\/2013\/04\/27-Empirical-evidence-for-primary-process-mentation-in-psychosis-2012.pdf\" target=\"_blank\">pdf<\/a><\/span><\/p> <p class=\"MsoNormal\" style=\"margin-left: 18.0pt; text-align: justify; text-indent: -18.0pt; mso-list: l1 level1 lfo1; tab-stops: list 18.0pt;\"><span style=\"color: gray; font-family: 'Trebuchet MS'; font-size: 14pt; letter-spacing: 2pt; line-height: 1.714285714;\">2012<\/span><\/p> <p class=\"MsoNormal\" style=\"margin-left: 18.0pt; text-align: justify; text-indent: -18.0pt; mso-list: l1 level1 lfo1; tab-stops: list 18.0pt;\"><a rel=\"noopener noreferrer\" href=\"http:\/\/www.frontiersin.org\/Psychoanalysis_and_Neuropsychoanalysis\/10.3389\/fpsyg.2012.00452\/full\" target=\"_blank\"><span lang=\"EN-GB\" style=\"font-size: 12.0pt; mso-ansi-language: EN-GB;\">Bazan, A. (2012). From sensorimotor inhibition to Freudian repression: insights from psychosis applied to neurosis. \u00a0<em>Frontiers in Psychology<\/em>,\u00a0<em>3, 452.<\/em><\/span><\/a><\/p> <p class=\"MsoNormal\" style=\"margin-left: 18.0pt; text-align: justify; text-indent: -18.0pt; mso-list: l1 level1 lfo1; tab-stops: list 18.0pt;\"><span style=\"font-size: 12pt;\"><span lang=\"EN-GB\">Bazan, A. &amp; Snodgrass, M. (2012). On unconscious inhibition Instantiating repression in the brain. In: A. Fotopoulou, D.W. Pfaff, &amp; E. M. Conway (Eds.), <i>Trends in Psychodynamic Neuroscience,\u00a0<\/i>Oxford: Oxford University Press, 307-337.\u00a0<\/span><a rel=\"noopener noreferrer\" href=\"http:\/\/www.arianebazan.be\/wp-content\/uploads\/2013\/04\/26-Bazan-Unconscious-inhibition-18-Fotopoulou-18proofsb-2012.pdf\" target=\"_blank\">Unconscious inhibition pdf<\/a><\/span><\/p> <p class=\"MsoNormal\" style=\"margin-left: 18.0pt; text-align: justify; text-indent: -18.0pt; mso-list: l1 level1 lfo1; tab-stops: list 18.0pt;\"><span style=\"color: gray; font-family: 'Trebuchet MS'; font-size: 14pt; letter-spacing: 2pt; line-height: 1.714285714;\">2011<\/span><\/p> <p class=\"MsoNormal\" style=\"margin-left: 18.0pt; text-align: justify; text-indent: -18.0pt; mso-list: l1 level1 lfo1; tab-stops: list 18.0pt;\"><span lang=\"EN-GB\" style=\"font-size: 12.0pt; mso-ansi-language: EN-GB;\"><a rel=\"noopener noreferrer\" href=\"http:\/\/www.ncbi.nlm.nih.gov\/pmc\/articles\/PMC3171110\/\" target=\"_blank\">Bazan, A. (2011). The grand challenge for psychoanalysis \u2013 and neuropsychoanalysis: taking on the game. <em>Frontiers in Psychology, 2,220<\/em>.<\/a><\/span><\/p> <p class=\"MsoNormal\" style=\"margin-left: 18.0pt; text-align: justify; text-indent: -18.0pt; mso-list: l1 level1 lfo1; tab-stops: list 18.0pt;\"><span style=\"font-size: 12pt;\"><a rel=\"noopener noreferrer\" href=\"http:\/\/www.arianebazan.be\/wp-content\/uploads\/2013\/04\/Bazan-A.-2011.-Phantoms-in-the-voice.-A-neuropsychoanalytic-hypothesis-on-the-structure-of-the-unconscious.-Neuro-Psychoanalysis-13-2-161-176..pdf\" target=\"_blank\">Bazan, A. (2011). Phantoms in the voice. A neuropsychoanalytic hypothesis on the structure of the unconscious. Neuro-Psychoanalysis, 13, 2, 161-176.<\/a><\/span><\/p> <p class=\"MsoNormal\" style=\"margin-left: 18.0pt; text-align: justify; text-indent: -18.0pt; mso-list: l1 level1 lfo1; tab-stops: list 18.0pt;\"><span style=\"font-size: 12pt;\"><a rel=\"noopener noreferrer\" href=\"http:\/\/journals.sagepub.com\/doi\/abs\/10.1177\/1750698011424032\" target=\"_blank\">Heenen-Wolff, S., Verougstraete, A., &amp; Bazan, A. (2011). The Belgo-Belgian Conflict in Individual Narratives: Psychodynamics of Trauma in the History of Belgium.<em> Memory Studies<\/em>, November 16, 2011<\/a>.\u00a0<\/span><a href=\"http:\/\/www.arianebazan.be\/wp-content\/uploads\/2013\/04\/24-Wolff-et-al.-Belgo-Belgian-Memory-Studies-2011.pdf\"><span style=\"font-size: 12pt;\">Belgium<\/span><\/a><\/p> <p class=\"MsoNormal\" style=\"margin-left: 18.0pt; text-align: justify; text-indent: -18.0pt; mso-list: l1 level1 lfo1; tab-stops: list 18.0pt;\"><span lang=\"EN-GB\" style=\"font-size: 12.0pt; mso-ansi-language: EN-GB;\"><a rel=\"noopener\" href=\"http:\/\/www.arianebazan.be\/wp-content\/uploads\/2023\/02\/22-Vanheule-et-al.-2011-Scalar-GeoCat-Psychoanalytic-Psychology.pdf\" target=\"_blank\">Vanheule, S., Roelstraete, B., Geerardyn, F., Murphy, C., Bazan, A., Brakel, L.A.W. (2011). Construct validation and internal consistency of the geometric categorization task (GEOCAT) for measuring primary and secondary processes. Psychoanalytic Psychology,\u00a028, 2, 209-228<\/a>.<\/span><\/p> <p class=\"MsoNormal\" style=\"margin-left: 18.0pt; text-align: justify; text-indent: -18.0pt; mso-pagination: none; mso-list: l1 level1 lfo1; tab-stops: list 18.0pt; text-autospace: none;\"><span lang=\"FR-CA\" style=\"font-size: 14.0pt; mso-bidi-font-size: 12.0pt; font-family: 'Trebuchet MS'; color: gray; letter-spacing: 2.0pt; mso-ansi-language: FR-CA;\">2010<\/span><\/p> <p class=\"MsoNormal\" style=\"margin-left: 18.0pt; text-align: justify; text-indent: -18.0pt; mso-pagination: none; mso-list: l1 level1 lfo1; tab-stops: list 18.0pt; text-autospace: none;\"><span style=\"font-size: 12.0pt;\">Bazan, A. (2010). Howard Shevrin and t<\/span><span lang=\"EN-GB\" style=\"font-size: 12.0pt; mso-ansi-language: EN-GB;\">he Shevrin Lab. In Ariane Bazan (Ed.), <i>Conversations with Howard Shevrin: His work, his research, his ideas<\/i> (217-228). Psychoanalytische Perspectieven, Ghent: Department of Psychoanalysis and Clinical Consulting, University of Ghent. (<\/span><a rel=\"noopener noreferrer\" href=\"http:\/\/www.arianebazan.be\/wp-content\/uploads\/2013\/04\/Howard-Shevrin-and-the-Shevrin-lab-217-228.pdf\" target=\"_blank\">Howard Shevrin and the Shevrin lab 217-228<\/a>)<\/p> <p class=\"MsoNormal\" style=\"margin-left: 18.0pt; text-align: justify; text-indent: -18.0pt; mso-list: l1 level1 lfo1; tab-stops: list 18.0pt;\"><span lang=\"EN-GB\" style=\"font-size: 12.0pt; mso-ansi-language: EN-GB;\">Bazan, A. (2010). Conversations with Howard Shevrin I: Ann Arbor, December 8th, 2004. In Ariane Bazan (Ed.), <i>Conversations with Howard Shevrin: His work, his research, his ideas<\/i> (229-246). Psychoanalytische Perspectieven,\u00a0Ghent: Department of Psychoanalysis and Clinical Consulting, University of Ghent. (<\/span><a rel=\"noopener noreferrer\" href=\"http:\/\/www.arianebazan.be\/wp-content\/uploads\/2013\/04\/Bazan-Conversations-with-Howard-Shevrin.pdf\" target=\"_blank\">Bazan Conversations with Howard Shevrin<\/a>)<\/p> <p class=\"MsoNormal\" style=\"margin-left: 18.0pt; text-align: justify; text-indent: -18.0pt; mso-list: l1 level1 lfo1; tab-stops: list 18.0pt;\"><span style=\"font-size: 12pt;\">Bazan, A. (2010). Conversations with Howard Shevrin II: Ann Arbor, June 17th, 2005. In Ariane Bazan (Ed.),\u00a0<em>Conversations with Howard Shevrin: His work, his research, his ideas<\/em>\u00a0(247-269). Psychoanalytische Perspectieven,\u00a0Ghent: Department of Psychoanalysis and Clinical Consulting, University of Ghent. (<\/span><a rel=\"noopener noreferrer\" href=\"http:\/\/www.arianebazan.be\/wp-content\/uploads\/2013\/04\/20-3-Bazan-Conversations-with-Howard-Shevrin-II-PP-2010.pdf\" target=\"_blank\">20 3 Bazan Conversations with Howard Shevrin II PP 2010<\/a>)<\/p> <p class=\"MsoNormal\" style=\"margin-left: 18.0pt; text-align: justify; text-indent: -18.0pt; mso-list: l1 level1 lfo1; tab-stops: list 18.0pt;\"><span lang=\"EN-GB\" style=\"font-size: 12.0pt; mso-ansi-language: EN-GB;\">Bazan, A. (2010). Conversations with Howard Shevrin III: Ghent, December 1st, 2005. In Ariane Bazan (Ed.), <i>Conversations with Howard Shevrin: His work, his research, his ideas<\/i> (271-308). Psychoanalytische Perspectieven,\u00a0Ghent: Department of Psychoanalysis and Clinical Consulting, University of Ghent. (<\/span><a rel=\"noopener noreferrer\" href=\"http:\/\/www.arianebazan.be\/wp-content\/uploads\/2013\/04\/Bazan-Conversations-with-Howard-Shevrin-III.pdf\" target=\"_blank\">Bazan Conversations with Howard Shevrin III<\/a>)<\/p> <p class=\"MsoNormal\" style=\"margin-left: 18.0pt; text-align: justify; text-indent: -18.0pt; mso-list: l1 level1 lfo1; tab-stops: list 18.0pt;\"><a rel=\"noopener noreferrer\" href=\"http:\/\/www.researchgate.net\/publication\/255483785_Evidence_for_Unconscious_Perceptual_Avoidance_in_Phobic_Fear\" target=\"_blank\"><span lang=\"EN-GB\" style=\"font-size: 12.0pt; mso-ansi-language: EN-GB;\">Shevrin, H., Snodgrass, M., Abelson, J., Brakel, L., Kushwaha, R., Briggs, H., Bazan, A. (2010). Evidence for Unconscious, Perceptual Avoidance in Phobic Fear.<em> Biological Psychiatry<\/em>,<em> 67<\/em>, 33S.<\/span><\/a><\/p> <p class=\"MsoNormal\" style=\"margin-left: 18.0pt; text-align: justify; text-indent: -18.0pt; mso-pagination: none; mso-list: l1 level1 lfo1; tab-stops: list 18.0pt; text-autospace: none;\">\u00a0<span lang=\"FR-CA\" style=\"font-size: 14.0pt; mso-bidi-font-size: 12.0pt; font-family: 'Trebuchet MS'; color: gray; letter-spacing: 2.0pt; mso-ansi-language: FR-CA;\">2009<\/span><\/p> <p class=\"MsoNormal\" style=\"margin-left: 18.0pt; text-align: justify; text-indent: -18.0pt; mso-list: l1 level1 lfo1; tab-stops: list 18.0pt;\"><span style=\"font-size: 12pt;\"><a rel=\"noopener noreferrer\" href=\"http:\/\/www.arianebazan.be\/wp-content\/uploads\/2013\/04\/17-Neuropsychoanalysis-Free-association-target-comments-Bazan-2009.pdf\" target=\"_blank\">Bazan, A. (2009). Not to be confused on free association.<em> Neuro-Psychoanalysis<\/em>, <em>11, 2<\/em>, 163-165.<\/a>\u00a0 <a rel=\"noopener noreferrer\" href=\"http:\/\/www.arianebazan.be\/wp-content\/uploads\/2013\/04\/17-Neuropsychoanalysis-Free-association-target-comments-Bazan-2009-1.pdf\" target=\"_blank\">Spence + comments<\/a><\/span><\/p> <p class=\"MsoNormal\" style=\"margin-left: 18.0pt; text-align: justify; text-indent: -18.0pt; mso-pagination: none; mso-list: l1 level1 lfo1; tab-stops: list 18.0pt; text-autospace: none;\">\u00a0<span lang=\"FR-CA\" style=\"font-size: 14.0pt; mso-bidi-font-size: 12.0pt; font-family: 'Trebuchet MS'; color: gray; letter-spacing: 2.0pt; mso-ansi-language: FR-CA;\">2008<\/span><\/p> <p class=\"MsoNormal\" style=\"margin-left: 18.0pt; text-align: justify; text-indent: -18.0pt; mso-pagination: none; mso-list: l1 level1 lfo1; tab-stops: list 18.0pt; text-autospace: none;\"><a rel=\"noopener noreferrer\" href=\"http:\/\/books.google.fr\/books?id=Y012hU8j4QwC&amp;pg=PA394&amp;lpg=PA394&amp;dq=A+mind+for+resolving+the+interior-exterior+distinctions&amp;source=bl&amp;ots=is77zSIfG7&amp;sig=uUnjU6C1w5F-6EYqbzufC8WiT_c&amp;hl=fr&amp;sa=X&amp;ei=vC59UcLFOsTJhAe6vYDQBg&amp;ved=0CFcQ6AEwBQ#v=onepage&amp;q=A%20mind%20for%20resolving%20the%20interior-exterior%20distinctions&amp;f=false\" target=\"_blank\"><span lang=\"EN-GB\" style=\"font-size: 12.0pt; mso-ansi-language: EN-GB;\">Bazan, A. (2008). A mind for resolving the interior-exterior distinctions. Dans: D. Dietrich, G. Fodor, G. Zucker &amp; D. Bruckner (\u00e9ds.), <i>Simulating the Mind. The Mental Apparatus &#8211; A Technical Neuropsychoanalytical Approach.<\/i> (Engeneering and Neuro-Psychoanalysis Forum Book). Springer, Wien, 394-399.<\/span><\/a><\/p> <span lang=\"FR-CA\" style=\"font-size: 14.0pt; mso-bidi-font-size: 12.0pt; font-family: 'Trebuchet MS'; color: gray; letter-spacing: 2.0pt; mso-ansi-language: FR-CA;\">2007<\/span> <p class=\"MsoNormal\" style=\"margin-left: 18.0pt; text-align: justify; text-indent: -18.0pt; mso-pagination: none; mso-list: l1 level1 lfo1; tab-stops: list 18.0pt; text-autospace: none;\"><span lang=\"EN-GB\" style=\"font-size: 12.0pt; mso-ansi-language: EN-GB;\"><a rel=\"noopener noreferrer\" href=\"http:\/\/www.arianebazan.be\/wp-content\/uploads\/2013\/04\/Bazan-A.-2007.-An-attempt-towards-an-integrative-comparison-of-psychoanalytical-and-sensorimotor-control-theories-of-action.pdf\" target=\"_blank\">Bazan, A. (2007). An attempt towards an integrative comparison of psychoanalytical and sensorimotor control theories of action<\/a>. In: P. Haggard, Y. Rossetti &amp; M. Kawato (eds.), <i>Attention and Performance XXII<\/i>. Oxford University Press, 319-338.\u00a0<\/span><\/p> <p class=\"MsoNormal\" style=\"margin-left: 18.0pt; text-align: justify; text-indent: -18.0pt; mso-pagination: none; mso-list: l1 level1 lfo1; tab-stops: list 18.0pt; text-autospace: none;\"><span style=\"font-size: 12pt;\"><a rel=\"noopener noreferrer\" href=\"http:\/\/www.arianebazan.be\/wp-content\/uploads\/2013\/04\/Bazan-A.-Shevrin-H.-Brakel-L.A.W.-Snodgrass-M.-2007.-Motivations-and-Emotions-Contribute-to-A-Rational-Unconscious-Dynamics-Evidence-and-Conceptual-Clarification.-Cortex-431104-1105.2.pdf\" target=\"_blank\">Bazan, A., Shevrin, H., Brakel, L.A.W., Snodgrass, M. (2007). Motivations and Emotions Contribute to A-Rational Unconscious Dynamics Evidence and Conceptual Clarification. Cortex, 43,1104-1105.<\/a><\/span><\/p> <span lang=\"FR-CA\" style=\"font-size: 14.0pt; mso-bidi-font-size: 12.0pt; font-family: 'Trebuchet MS'; color: gray; letter-spacing: 2.0pt; mso-ansi-language: FR-CA;\">2006<\/span> <p class=\"MsoNormal\" style=\"margin-left: 18.0pt; text-align: justify; text-indent: -18.0pt; mso-pagination: none; mso-list: l1 level1 lfo1; tab-stops: list 18.0pt; text-autospace: none;\"><span style=\"font-size: 12pt;\"><a rel=\"noopener noreferrer\" href=\"http:\/\/www.arianebazan.be\/wp-content\/uploads\/2013\/04\/Bazan-A.-2006.-Primary-process-language.-Neuro-Psychoanalysis-8-2157-159..pdf\" target=\"_blank\">Bazan, A. (2006). Primary process language. Neuro-Psychoanalysis, 8, 2,157-159.<\/a><\/span><\/p> <p class=\"MsoNormal\" style=\"margin-left: 18.0pt; text-align: justify; text-indent: -18.0pt; mso-pagination: none; mso-list: l1 level1 lfo1; tab-stops: list 18.0pt; text-autospace: none;\"><span lang=\"EN-GB\" style=\"font-size: 12.0pt; mso-ansi-language: EN-GB;\"><a rel=\"noopener noreferrer\" href=\"http:\/\/www.arianebazan.be\/wp-content\/uploads\/2013\/04\/Villa-K.K.-Shevrin-H.-Snodgrass-M.-Bazan-A.-Brakel-L.A.W.-2006.-Testing-Freud\u2019s-hypothesis-that-word-forms-and-word-meanings-are-functionally-distinct-in-the-unconscious.pdf\" target=\"_blank\">Villa, K.K., Shevrin, H., Snodgrass, M., Bazan, A., Brakel, L.A.W. (2006). Testing Freud\u2019s hypothesis that word forms and word meanings are functionally distinct in the unconscious<\/a>: Subliminal primary process cognition and its links to personality.<em> Neuro-Psychoanalysis, 8(2)<\/em>,117-135.<\/span><\/p> <span lang=\"FR-CA\" style=\"font-size: 14.0pt; mso-bidi-font-size: 12.0pt; font-family: 'Trebuchet MS'; color: gray; letter-spacing: 2.0pt; mso-ansi-language: FR-CA;\">2005<\/span> <p class=\"MsoNormal\" style=\"margin-left: 18.0pt; text-align: justify; text-indent: -18.0pt; mso-pagination: none; mso-list: l1 level1 lfo1; tab-stops: list 18.0pt; text-autospace: none;\"><a href=\"http:\/\/www.arianebazan.be\/wp-content\/uploads\/2013\/04\/05-Some-comments-on-the-emotional-BIBS-Bazan-2005.pdf\">Bazan, A., Van Bunder, D. (2005). Some comments on the emotional and motor dynamics of language embodiment. A neurophysiological understanding of the Freudian Unconscious. In: H. De Preester &amp; V. Knockaert (eds.), Body Image &amp; Body Schema, interdisciplinary perspectives. John Benjamins: 49-107.<\/a><\/p> <p class=\"MsoNormal\" style=\"margin-left: 18.0pt; text-align: justify; text-indent: -18.0pt; mso-pagination: none; mso-list: l1 level1 lfo1; tab-stops: list 18.0pt; text-autospace: none;\"><a rel=\"noopener noreferrer\" href=\"http:\/\/www.arianebazan.be\/wp-content\/uploads\/2013\/04\/traumaandthereal.pdf\" target=\"_blank\"><span style=\"font-size: 12pt;\">Knockaert, V., Geerardyn, F., Van de Vijver, G., Van Bunder, D., Bazan, A. (2004). Trauma as an Encounter With the Real. I<em>nternational Journal of Computing Anticipatory Systems, 16,<\/em> 81-91.<\/span><\/a><\/p> <span lang=\"FR-CA\" style=\"font-size: 14.0pt; mso-bidi-font-size: 12.0pt; font-family: 'Trebuchet MS'; color: gray; letter-spacing: 2.0pt; mso-ansi-language: FR-CA;\">2002<\/span> <p class=\"MsoNormal\" style=\"margin-left: 18.0pt; text-align: justify; text-indent: -18.0pt; mso-pagination: none; mso-list: l1 level1 lfo1; tab-stops: list 18.0pt; text-autospace: none;\"><a rel=\"noopener noreferrer\" href=\"https:\/\/dipot.ulb.ac.be\/dspace\/bitstream\/2013\/68937\/4\/03%20Unconscious%20as%20Affect%20sticking%20%20Psychoanal%20Perspect%202002.pdf\" target=\"_blank\"><span lang=\"EN-US\" style=\"font-size: 12.0pt; mso-ansi-language: EN-US;\"><span style=\"color: black;\">Bazan, A. (2002). The unconscious as affect sticking to phonology. Considerations on the role of articulation.\u00a0<em>Psychoanalytische Perspectieven,<\/em>\u00a0<em>20(4)<\/em>, 579-590.<\/span><\/span><\/a><\/p> <p class=\"MsoNormal\" style=\"margin-left: 18.0pt; text-align: justify; text-indent: -18.0pt; mso-pagination: none; mso-list: l1 level1 lfo1; tab-stops: list 18.0pt; text-autospace: none;\"><a rel=\"noopener noreferrer\" href=\"https:\/\/dipot.ulb.ac.be\/dspace\/bitstream\/2013\/68526\/1\/01%20Language%20as%20the%20source%20Bazan%202002.pdf\" target=\"_blank\"><span lang=\"EN-US\" style=\"font-size: 12.0pt; mso-ansi-language: EN-US;\"><span style=\"color: black;\">Bazan, A., Geerardyn, F., Knockaert, V., Van Bunder, D., Van de Vijver, G. (2002). Language as the source of human unconscious processes.\u00a0<em> Evolution and Cognition,<\/em>\u00a0<em>8(2)<\/em>, 164-171.<\/span><\/span><\/a><\/p> <p class=\"MsoNormal\" style=\"margin-left: 18.0pt; text-align: justify; text-indent: -18.0pt; mso-pagination: none; mso-list: l1 level1 lfo1; tab-stops: list 18.0pt; text-autospace: none;\"><a rel=\"noopener\" href=\"http:\/\/www.arianebazan.be\/wp-content\/uploads\/2013\/04\/02-Anticipating-as-exercising-CASYS-Bazan-2002.pdf\" target=\"_blank\">Bazan, A., Geerardyn, F., Knockaert, V., Van Bunder, D., Van de Vijver, G. (2002). Anticipation as exercising (language) motor programs during dreams. A neuropsychoanalytical hypothesis. In: I<em>nternational Journal of Computing Anticipatory Systems<\/em>, 12 (D. M. Dubois, Ed.), CHAOS, Li\u00e8ge: 181-194.<\/a><\/p> <p class=\"MsoNormal\" style=\"margin-left: 18.0pt; text-align: justify; text-indent: -18.0pt; mso-pagination: none; mso-list: l1 level1 lfo1; tab-stops: list 18.0pt; text-autospace: none;\"><span style=\"color: #000000; font-size: 16px; line-height: 27px;\">Geerardyn, F.,\u00a0Van de Vijver, G.,\u00a0<\/span><span style=\"color: black; font-size: 12pt; line-height: 1.714285714; text-indent: -18pt;\">Knockaert, V.,\u00a0<\/span><span style=\"color: #000000; font-size: 16px; line-height: 27px;\">Bazan, A.,\u00a0<\/span><span style=\"color: black; font-size: 12pt; line-height: 1.714285714; text-indent: -18pt;\">Van Bunder, D. (2002). &#8220;How do I know what I think till hear what I say&#8221;: On the emergence of consciousness between the biological and the social.\u00a0<em>Evolution and Coginition\u00a08(2),<\/em> 249-255.\u00a0<\/span><\/p> <p class=\"MsoNormal\" style=\"margin-left: 18.0pt; text-align: justify; text-indent: -18.0pt; mso-pagination: none; mso-list: l1 level1 lfo1; tab-stops: list 18.0pt; text-autospace: none;\"><span style=\"font-size: 12pt;\"><a rel=\"noopener noreferrer\" href=\"http:\/\/www.arianebazan.be\/wp-content\/uploads\/2013\/04\/Geerardyn-F.-Knockaert-V.-Van-de-Vijver-G.-Van-Bunder-D.-Bazan-A.-2002.-Anticipation-the-Subject-and-the-Partial-Object.-A-Psychoanalytical-Approach-Casys..pdf\" target=\"_blank\">Geerardyn, F., Knockaert, V., Van de Vijver, G., Van Bunder, D., Bazan, A. (2002). Anticipation, the Subject and the Partial Object. A Psychoanalytical Approach, Casys.<\/a>\u00a0International Journal of Computing Anticipatory Systems 12, 222-229.34.<\/span><\/p> <p class=\"MsoNormal\" style=\"margin-left: 18.0pt; text-align: justify; text-indent: -18.0pt; mso-pagination: none; mso-list: l1 level1 lfo1; tab-stops: list 18.0pt; text-autospace: none;\"><span style=\"font-size: 12pt;\"><a rel=\"noopener noreferrer\" href=\"http:\/\/www.arianebazan.be\/wp-content\/uploads\/2013\/04\/Knockaert-V.-Geerardyn-F.-Van-de-Vijver-G.-Van-Bunder-D.-Bazan-A.-2002.-Anticipation-Memory-and-Attention-in-the-Early-Works-of-Freud-Casys.-International-Journal-of-Computing-Anticipatory-Systems..pdf\" target=\"_blank\">Knockaert, V., Geerardyn, F., Van de Vijver, G., Van Bunder, D., Bazan, A. (2002). Anticipation, Memory and Attention in the Early Works of Freud, Casys. International Journal of Computing Anticipatory Systems.<\/a><\/span>\u00a012, 241-253 <a rel=\"noopener noreferrer\" href=\"http:\/\/www.arianebazan.be\/wp-content\/uploads\/2013\/04\/Knockaert-anticipation-memory.pdf\" target=\"_blank\">pdf<\/a><\/p> <p class=\"MsoNormal\" style=\"margin-left: 18.0pt; text-align: justify; text-indent: -18.0pt; mso-pagination: none; mso-list: l1 level1 lfo1; tab-stops: list 18.0pt; text-autospace: none;\"><span style=\"font-size: 12pt;\"><a rel=\"noopener noreferrer\" href=\"http:\/\/www.arianebazan.be\/wp-content\/uploads\/2013\/04\/Van-Bunder-D.-Knockaert-V.-Van-de-Vijver-G.-Geerardyn-F.-Bazan-A.-2002.-The-Return-of-the-Repressed-Anticipation-and-the-Logic-of-the-Signifier-Casys.1.pdf\" target=\"_blank\">Van Bunder, D., Knockaert, V., Van de Vijver, G., Geerardyn, F., Bazan, A. (2002). The Return of the Repressed, Anticipation and the Logic of the Signifier, Casys.<\/a>\u00a0International Journal of Computing Anticipatory Systems, 12, 293-301.<\/span><\/p> <p class=\"MsoNormal\" style=\"margin-left: 18.0pt; text-align: justify; text-indent: -18.0pt; mso-pagination: none; mso-list: l1 level1 lfo1; tab-stops: list 18.0pt; text-autospace: none;\"><span style=\"color: black; font-size: 12pt; line-height: 1.714285714; text-indent: -18pt;\"><a rel=\"noopener noreferrer\" href=\"http:\/\/www.arianebazan.be\/wp-content\/uploads\/2013\/04\/Van-de-Vijver-G.-Knockaert-V.-Van-Bunder-D.-Bazan-A.-Geerardyn-F.-2002.-Anticipation-and-identification-a-comment-on-Lacans-Mirror-Stage.pdf\" target=\"_blank\">Van de Vijver, G., Knockaert, V., Van Bunder, D., Bazan, A., Geerardyn, F. (2002). Anticipation and identification a comment on Lacan&#8217;s Mirror Stage<\/a>, Casys. <em>International Journal of Computing Anticipatory Systems, 12<\/em>, 301-315.<\/span><\/p> <p class=\"MsoNormal\" style=\"margin-left: 18.0pt; text-align: justify; text-indent: -18.0pt; mso-pagination: none; mso-list: l1 level1 lfo1; tab-stops: list 18.0pt; text-autospace: none;\"><a rel=\"noopener noreferrer\" href=\"https:\/\/biblio.ugent.be\/publication\/152642\" target=\"_blank\"><span style=\"color: black; font-size: 12pt; line-height: 1.714285714; text-indent: -18pt;\">Van de Vijver, G.,\u00a0<\/span><span style=\"color: #000000; font-size: 16px; line-height: 27px;\">Van Bunder, D.,\u00a0<\/span><span style=\"color: black; font-size: 12pt; line-height: 1.714285714; text-indent: -18pt;\">Knockaert, V.,\u00a0Bazan, A., \u00a0<\/span><span style=\"color: #000000; font-size: 16px; line-height: 27px;\">Geerardyn, F.\u00a0<\/span><span style=\"color: black; font-size: 12pt; line-height: 1.714285714; text-indent: -18pt;\">(2002). The role of closure in a dynamic structuralist viewpoint of psychic systems.\u00a0<em>Evolution and Cognition,\u00a08(2)<\/em>, 262-271.<\/span><\/a><\/p> <span lang=\"FR-CA\" style=\"font-size: 14.0pt; mso-bidi-font-size: 12.0pt; font-family: 'Trebuchet MS'; color: gray; letter-spacing: 2.0pt; mso-ansi-language: FR-CA;\">2000<\/span> <p class=\"MsoNormal\" style=\"margin-left: 18.0pt; text-align: justify; text-indent: -18.0pt; mso-pagination: none; mso-list: l1 level1 lfo1; tab-stops: list 18.0pt; text-autospace: none;\"><a rel=\"noopener noreferrer\" href=\"http:\/\/cat.inist.fr\/?aModele=afficheN&amp;cpsidt=1323666\" target=\"_blank\"><span lang=\"EN-US\" style=\"font-size: 12.0pt; mso-ansi-language: EN-US;\"><span style=\"color: black;\">Bazan, A., Van de Velde, E., de Paepe, B., Fraeyman, N. (2000). Properties of the ventricular adrenergic signal transduction system during ontogeny of spontaneous hypertension in rats.\u00a0<em>Journal of Cardiovascular Pharmacology,\u00a035(4)<\/em>, 653-663.<\/span><\/span><\/a><\/p> <p class=\"MsoNormal\" style=\"margin-left: 18.0pt; text-align: justify; text-indent: -18.0pt; mso-pagination: none; mso-list: l1 level1 lfo1; tab-stops: list 18.0pt; text-autospace: none;\"><span style=\"font-size: 12pt;\"><a rel=\"noopener noreferrer\" href=\"http:\/\/www.arianebazan.be\/wp-content\/uploads\/2013\/04\/Bazan-A.-Van-Emmelo-J.-Fraeyman-N.-2000.-G-proteins-in-kidneys-of-Spontaneously-Hypertensive-Rats.-Life-Sciences-666-511-520..pdf\" target=\"_blank\">Bazan, A., Van Emmelo, J., Fraeyman, N. (2000). G-proteins in kidneys of Spontaneously Hypertensive Rats. Life Sciences, 66(6), 511-520.<\/a><\/span><\/p> <p class=\"MsoNormal\" style=\"margin-left: 18.0pt; text-align: justify; text-indent: -18.0pt; mso-pagination: none; mso-list: l1 level1 lfo1; tab-stops: list 18.0pt; text-autospace: none;\"><span lang=\"EN-US\" style=\"font-size: 12.0pt; mso-ansi-language: EN-US;\"><span style=\"color: black;\">Fraeyman, N., Vande Velde, E., Van Ermen, A., Bazan, A., Vanderheyden, P., Van Emmelo, J., Vandekerckhove, J. (2000). Effect of maturation and aging on \u00df-adrenergic signal tranduction in rat kidney and liver.\u00a0<em>Biochemical Pharmacology,\u00a060,<\/em> 1787-1795<em>.<\/em><\/span><\/span><\/p> <span lang=\"FR-CA\" style=\"font-size: 14.0pt; mso-bidi-font-size: 12.0pt; font-family: 'Trebuchet MS'; color: gray; letter-spacing: 2.0pt; mso-ansi-language: FR-CA;\">1996<\/span> <p class=\"MsoNormal\" style=\"margin-left: 18.0pt; text-align: justify; text-indent: -18.0pt; mso-pagination: none; mso-list: l1 level1 lfo1; tab-stops: list 18.0pt; text-autospace: none;\"><a rel=\"noopener noreferrer\" href=\"http:\/\/www.sciencedirect.com\/science\/article\/pii\/0300908496821912\" target=\"_blank\"><span lang=\"EN-US\" style=\"font-size: 12.0pt; mso-ansi-language: EN-US;\"><span style=\"color: black;\">Bazan, A., Fraeyman, N. (1996). Use of elastase as aninternal standard in immunoblotting techniques.\u00a0<em>Biochimie, 78,<\/em> 273-276.<\/span><\/span><\/a><\/p> <span lang=\"FR-CA\" style=\"font-size: 14.0pt; mso-bidi-font-size: 12.0pt; font-family: 'Trebuchet MS'; color: gray; letter-spacing: 2.0pt; mso-ansi-language: FR-CA;\">1995<\/span> <p class=\"MsoNormal\" style=\"margin-left: 18.0pt; text-align: justify; text-indent: -18.0pt; mso-pagination: none; mso-list: l1 level1 lfo1; tab-stops: list 18.0pt; text-autospace: none;\"><span lang=\"EN-US\" style=\"font-size: 12.0pt; mso-ansi-language: EN-US;\"><span style=\"color: black;\">Bazan, A., Fraeyman, N. (1995).\u00a0Ontogeny of Gs- and Gi-proteins in kidneys of Spontaneously Hypertensive Rats.\u00a0<em>Archives Internationales de Pharmacodynamie et de Th\u00e9rapie,<\/em> 329-343.\u00a0<\/span><\/span><\/p> <span lang=\"FR-CA\" style=\"font-size: 14.0pt; mso-bidi-font-size: 12.0pt; font-family: 'Trebuchet MS'; color: gray; letter-spacing: 2.0pt; mso-ansi-language: FR-CA;\">1994<\/span> <p class=\"MsoNormal\" style=\"margin-left: 18.0pt; text-align: justify; text-indent: -18.0pt; mso-pagination: none; mso-list: l1 level1 lfo1; tab-stops: list 18.0pt; text-autospace: none;\"><span lang=\"EN-US\" style=\"font-size: 12.0pt; mso-ansi-language: EN-US;\"><span style=\"color: black;\">Bazan, A., Fraeyman, N. (1994). Ontogeny of renal Gs-proteins in Spontaneously Hypertensive Rats.\u00a0<em>Archives Internationales de Physiologie, de Biochimie et de Biophysique 102, B69.\u00a0<\/em><\/span><\/span><\/p> <p class=\"MsoNormal\" style=\"margin-left: 18.0pt; text-align: justify; text-indent: -18.0pt; mso-pagination: none; mso-list: l1 level1 lfo1; tab-stops: list 18.0pt; text-autospace: none;\"><span lang=\"EN-US\" style=\"font-size: 12.0pt; mso-ansi-language: EN-US;\"><span style=\"color: black;\">Fraeyman, N.,\u00a0Bazan, A. (1994). Characteristics of Gsa-proteins in heart of\u00a0Spontaneously Hypertensive Rats.\u00a0<em>Clinical Experimental Pharmacology and Physiology S1, S24.<\/em> <\/span><\/span><\/p> <p class=\"MsoNormal\" style=\"margin-left: 18.0pt; text-align: justify; text-indent: -18.0pt; mso-pagination: none; mso-list: l1 level1 lfo1; tab-stops: list 18.0pt; text-autospace: none;\"><span style=\"font-size: 12pt;\">Fraeyman, N., Bazan, A., Vanscheeuwijck, P. (1994).\u00a0<a rel=\"noopener noreferrer\" href=\"http:\/\/www.arianebazan.be\/wp-content\/uploads\/2013\/04\/Thermodynamic-analysis-of-isoproterenol-binding-to-\u00df-adrenoceptors-in-rat-lung-membranes.-European-Journal-of-Pharmacology-Molecular-Pharmacology-267-1-63-69..pdf\" target=\"_blank\">Thermodynamic analysis of isoproterenol binding to \u00df-adrenoceptors in rat lung membranes. European Journal of Pharmacology &#8211; Molecular Pharmacology, 267, 1, 63-69.<\/a><\/span><\/p> <p class=\"MsoNormal\" style=\"margin-left: 18.0pt; text-align: justify; text-indent: -18.0pt; mso-pagination: none; mso-list: l1 level1 lfo1; tab-stops: list 18.0pt; text-autospace: none;\"><span style=\"color: #000000; font-size: 16px; line-height: 27px;\">Bazan, A., Van de Velde, E.,\u00a0<\/span><span style=\"color: black; font-size: 12pt; line-height: 1.714285714; text-indent: -18pt;\">Fraeyman, N. (1994). Effect of age on \u00df-recptors, Gsa- and Gia-proteins in rat heart.\u00a0<em>Biochemical Pharmacology, \u00a048, 3<\/em>, 479-486. <\/span><\/p> <span lang=\"FR-CA\" style=\"font-size: 14.0pt; mso-bidi-font-size: 12.0pt; font-family: 'Trebuchet MS'; color: gray; letter-spacing: 2.0pt; mso-ansi-language: FR-CA;\">1993<\/span> <p class=\"MsoNormal\" style=\"margin-left: 18.0pt; text-align: justify; text-indent: -18.0pt; mso-pagination: none; mso-list: l1 level1 lfo1; tab-stops: list 18.0pt; text-autospace: none;\"><span lang=\"EN-US\" style=\"font-size: 12.0pt; mso-ansi-language: EN-US;\"><span style=\"color: black;\"> Fraeyman, N.,Bazan, A. (1993). Aging and cardiac beta-adrenoceptors in two rat strains.\u00a0<em>Drug Design and Discovery, 9(3-4)<\/em>, 300. <\/span><\/span><\/p> <p class=\"MsoNormal\" style=\"margin-left: 18.0pt; text-align: justify; text-indent: -18.0pt; mso-pagination: none; mso-list: l1 level1 lfo1; tab-stops: list 18.0pt; text-autospace: none;\"><a rel=\"noopener noreferrer\" href=\"https:\/\/biblio.ugent.be\/publication\/235651\" target=\"_blank\"><span lang=\"EN-US\" style=\"font-size: 12.0pt; mso-ansi-language: EN-US;\"><span style=\"color: black;\">Bazan, A., Fraeyman, N. (1993). Influence of age and hypertension of receptor-G-protein coupling in rat ventricle.\u00a0<em>Archives Internationales de Physiologie, de Biochimie et de Biophysique 101, B3.<\/em><\/span><\/span><\/a><\/p> <p class=\"MsoNormal\" style=\"margin-left: 18.0pt; text-align: justify; text-indent: -18.0pt; mso-pagination: none; mso-list: l1 level1 lfo1; tab-stops: list 18.0pt; text-autospace: none;\"><span style=\"font-family: 'trebuchet ms', geneva; font-size: x-large;\"><span class=\"ec961023914-11092008\"><i>\u00a0<\/i><\/span> <\/span><\/p> <hr align=\"left\" size=\"1\" width=\"33%\"><\/div><\/div><\/p>\n","protected":false},"excerpt":{"rendered":"<p>Copyright Notice The documents distributed here have been provided as a means to ensure timely dissemination of scholarly and technical work on a noncommercial basis. Copyright and all rights therein are maintained by the authors or by other copyright holders &hellip; <a href=\"https:\/\/www.arianebazan.be\/?page_id=29\">Continue reading <span class=\"meta-nav\">&rarr;<\/span><\/a><\/p>\n","protected":false},"author":1,"featured_media":0,"parent":8,"menu_order":0,"comment_status":"open","ping_status":"open","template":"","meta":{"spay_email":""},"_links":{"self":[{"href":"https:\/\/www.arianebazan.be\/index.php?rest_route=\/wp\/v2\/pages\/29"}],"collection":[{"href":"https:\/\/www.arianebazan.be\/index.php?rest_route=\/wp\/v2\/pages"}],"about":[{"href":"https:\/\/www.arianebazan.be\/index.php?rest_route=\/wp\/v2\/types\/page"}],"author":[{"embeddable":true,"href":"https:\/\/www.arianebazan.be\/index.php?rest_route=\/wp\/v2\/users\/1"}],"replies":[{"embeddable":true,"href":"https:\/\/www.arianebazan.be\/index.php?rest_route=%2Fwp%2Fv2%2Fcomments&post=29"}],"version-history":[{"count":221,"href":"https:\/\/www.arianebazan.be\/index.php?rest_route=\/wp\/v2\/pages\/29\/revisions"}],"predecessor-version":[{"id":3696,"href":"https:\/\/www.arianebazan.be\/index.php?rest_route=\/wp\/v2\/pages\/29\/revisions\/3696"}],"up":[{"embeddable":true,"href":"https:\/\/www.arianebazan.be\/index.php?rest_route=\/wp\/v2\/pages\/8"}],"wp:attachment":[{"href":"https:\/\/www.arianebazan.be\/index.php?rest_route=%2Fwp%2Fv2%2Fmedia&parent=29"}],"curies":[{"name":"wp","href":"https:\/\/api.w.org\/{rel}","templated":true}]}}