{"id":79,"date":"2013-04-14T08:26:39","date_gmt":"2013-04-14T08:26:39","guid":{"rendered":"http:\/\/www.arianebazan.be\/?page_id=79"},"modified":"2024-11-10T14:16:39","modified_gmt":"2024-11-10T14:16:39","slug":"francais","status":"publish","type":"page","link":"https:\/\/www.arianebazan.be\/?page_id=79","title":{"rendered":"Fran\u00e7ais"},"content":{"rendered":"\n<p><em><span lang=\"FR-CA\" style=\"font-size: 14.0pt; mso-bidi-font-size: 12.0pt; font-family: 'Trebuchet MS'; color: gray; letter-spacing: 2.0pt; mso-ansi-language: FR-CA;\">2024<\/span><\/em><\/p>\n\n\n\n<ul><li>Nancy, 15.11.2024, Colloque \u00ab Soins des corps, soins des \u00e2mes. Soignants, m\u00e9decines et religions en Occident, du Moyen \u00c2ge \u00e0 nos jours \u00bb, organis\u00e9 par les laboratoires CRULH, \u00c9critures, Institut Fran\u00e7ois G\u00e9ny, Bazan, A. \u00ab Comment la parole gu\u00e9rit la psych\u00e9 ? \u00bb sur invitation du coll\u00e8gue Bruno Maes.<\/li><\/ul>\n\n\n\n<p class=\"has-text-align-center has-vivid-green-cyan-background-color has-background\">La psych\u00e9 n\u2019est ni r\u00e9ductible au corps ni au social mais se constitue \u00e0 un niveau d\u2019organisation propre et autonome \u00e0 travers son histoire singuli\u00e8re. Dans une perspective psychanalytique Freudolacanienne, rejoint par une approche neuropsychanalytique, nous proposons que le \u2018tissu\u2019 psychique soit constitu\u00e9 de signifiants et du rapport de tensions entre ces signifiants. Le signifiant est un fragment de langage, qu\u2019il soit parl\u00e9, entendu, lu ou imagin\u00e9 et qui fonctionne tout autant par sa forme que par sa signification. Deux points d\u2019attache de l\u2019\u00e2me au corps contraignent l\u2019organisation de l\u2019\u00e9conomie psychique : la d\u00e9fense mentale et la compulsion de r\u00e9p\u00e9tition. L\u2019\u00e9coute sur le fil du signifiant, c\u2019est-\u00e0-dire attentive de l\u2019ambigu\u00eft\u00e9 phonologique, permet de d\u00e9busquer le d\u00e9fendu dans le retour du refoul\u00e9 et de faire basculer la r\u00e9p\u00e9tition sur un versant autre et moins morbide, puisque la compulsion a trait \u00e0 la forme, c&#8217;est-\u00e0-dire, \u00e0 la phonologie, et non \u00e0 la signification du langage. Op\u00e9rer le changement psychique est op\u00e9rer au niveau du rapport de force entre les signifiants, m\u00eame si pour ouvrir \u00e0 ce possible, il s\u2019agit d\u2019abord d\u2019installer une relation humaine fond\u00e9e sur le transfert.<\/p>\n\n\n\n<ul><li>Metz, 16.03.2024, Programme S\u00e9minaire Pratique sur L\u2019Entretien en Psychoth\u00e9rapie et Psychanalyse \u2013 praxis versus th\u00e9oria &#8211; ann\u00e9e 2023\/2024, \u00ab L\u2019important et l\u2019anodin en entretien : une clinique moebiale, Epist\u00e9mologie et situation clinique \u00bb, Bazan, A. \u00ab Le signifiant et le pinson, ces indices qui nous font trembler \u00bb.<\/li><\/ul>\n\n\n\n<p><em><span lang=\"FR-CA\" style=\"font-size: 14.0pt; mso-bidi-font-size: 12.0pt; font-family: 'Trebuchet MS'; color: gray; letter-spacing: 2.0pt; mso-ansi-language: FR-CA;\">2023<\/span><\/em><\/p>\n\n\n\n<ul><li>Paris, 15-16.12.2023, \u00abDSM-5: Ten years later. And now? \u00bb, congr\u00e8s international organis\u00e9 par Patrick Landman et Marc Calmeyn, A. Bazan, le 16.12.2023 \u00ab Le DSM, un manuel de traitement social pour soi-m\u00eame et quelques autres \u00bb.<\/li><li>Paris, 13.12.2023, Colloque MSH Paris Nord \u00ab Vuln\u00e9rabilit\u00e9s et approche relationnelle de l&#8217;autonomie \u00bb, dir. scient. C\u00e9line Ruet, Professeure de droit priv\u00e9 \u00e0 l\u2019Universit\u00e9 Sorbonne Paris Nord, laboratoire IRDA, 13 d\u00e9cembre 2023. A. Bazan, \u00ab L&#8217;euthanasie pour souffrance psychique \u00bb.<\/li><li><img alt=\"\">Metz, 30.11-01.12.2023, \u00ab Le droit face \u00e0 la mort \u00bb, Colloque \u00e0 la Facult\u00e9 de droit de droit \u00e9conomie et administration, Sophie Dumas-Lavenac Colloque et Chlo\u00e9 Li\u00e9vaux, A. Bazan, &#8220;L&#8217;euthanasie pour souffrance psychique&#8221;.<\/li><li>Bruxelles, 04\/10\/23 &#8211; 04\/02\/24, exposition temporaire au Mus\u00e9e Belvue, \u00ab \u00c0 la recherche de&#8230; LA FIN DU MONDE ! Une exp\u00e9dition climatique \u00e0 bord de la &#8220;Belgica&#8221; \u00bb, La Fondation Roi Baudouin c\u00e9l\u00e8bre les 125 ans de I&#8217; &#8220;Exp\u00e9dition antarctique belge&#8221;, t\u00e9moignage entant qu\u2019experte, organisation par Jill Peeters.<\/li><li>Lausanne, Suisse, 10.10.2023, keynote pour la conf\u00e9rence de l\u2019ISPS (International Society for Psychological and Social Approachds to Psychosis) Suisse sur l\u2019approche psychoth\u00e9rapeutique des psychoses : \u00ab&nbsp;Cr\u00e9er des ponts, traverser les disciplines&nbsp;\u00bb, \u00ab&nbsp;Ce que la folie nous r\u00e9v\u00e8le \u00e0 propos l\u2019architecture mentale humaine&nbsp;\u00bb,&nbsp;Site de Cery-Prilly, invit\u00e9e par le psychiatre Dag S\u00f6derstr\u00f6m.<\/li><li>Bruxelles, Belgique, 19.09.2023, CMP (CGG) Rivage-Den Zaet, \u2018Le diagnostic et le d\u00e9sarroi mental\u2019, sur invitation de la psychologue S. Van Hees.<\/li><li>Nancy, MSH-week, 30.06.2023, Maison des Sciences de l\u2019Homme, plateforme ECHO, \u00ab Comment utiliser les diff\u00e9rents dispositifs Orion et cr\u00e9er un TP d\u2019excellence Orion avec les plateformes de la MSH ? \u00bb Intervenants : Mounir Tarek, Ariane Bazan, Viktoria Vitkova et Thibault Rosenberger.<\/li><\/ul>\n\n\n\n<p><em><span lang=\"FR-CA\" style=\"font-size: 14.0pt; mso-bidi-font-size: 12.0pt; font-family: 'Trebuchet MS'; color: gray; letter-spacing: 2.0pt; mso-ansi-language: FR-CA;\">2022<\/span><\/em><\/p>\n\n\n\n<ul><li>Bruxelles, 15.12.2022, \u00ab Le sujet et le sexuel \u00bb, S\u00e9minaire de l\u2019Observatoire du SIDA et des sexualit\u00e9s, Bazan, A. \u00ab Le sexuel et le miroire \u00e9rog\u00e8ne \u00bb, discut\u00e9 par C\u00e9cile Glineur.<\/li><li>Nancy (UL), 10.12.2022, Demi-journ\u00e9e d\u2019\u00e9tude de Psych\u00e9 (Interpsy): Transformations du sujet, transformations des pratiques. Bazan, A., <a href=\"https:\/\/youtu.be\/D1k1uVNuGfg\" target=\"_blank\" rel=\"noopener\">L\u2019av\u00e8nement d\u2019une science de la psych\u00e9 : un espoir politique ?<\/a><\/li><li>Nancy (UL), distanciel, 28.01.2022, Bazan, A., Psychanalyse et Neurosciences. Des enjeux et de la n\u00e9cessit\u00e9 d&#8217;un recoupement. S\u00e9minaire du R\u00e9seau Francophone Psychanalyse et Neurosciences.<\/li><\/ul>\n\n\n\n<p><em><span lang=\"FR-CA\" style=\"font-size: 14.0pt; mso-bidi-font-size: 12.0pt; font-family: 'Trebuchet MS'; color: gray; letter-spacing: 2.0pt; mso-ansi-language: FR-CA;\">2021<\/span><\/em><\/p>\n\n\n\n<ul><li>Nancy, 14.10.2021, Bazan, A., \u00ab Processus primaires et secondaires Freudiens et langage : de la m\u00e9tapsychologie au laboratoire \u00bb, S\u00e9minaire de recherche de l&#8217;Axe \u00abPsychopathologie Clinique et Projective \u00bb (PsyCliP) au sein d&#8217;Interpsy. Les processus primaires et secondaires freudiens et le langage : de la m\u00e9tapsychologie au laboratoire<\/li><li>Nancy (online), 03.12.2021, \u00ab Les fronti\u00e8res de la mort : recherches scientifiques et cliniques \/ Die Grenzen des Todes : wissenschaftliche und klinische Forschung \u00bb, Bazan, A., \u00ab L\u2019euthanasie pour souffrance psychique versus Sh\u00e9h\u00e9razade \u00bb, pr\u00e9sentation.<\/li><li>Besan\u00e7on, 29.04.2021, Bazan, A. s\u00e9minaire \u00ab&nbsp;La d\u00e9marche scientifique dans le champ de la psychanalyse&nbsp;\u00bb et conf\u00e9rence \u00ab&nbsp; Psychanalyse, neurosciences et la promesse d\u2019une science de l\u2019\u00e2me&nbsp;\u00bb dans le cadre des s\u00e9minaires et conf\u00e9rences \u00ab&nbsp;Intersubjectivit\u00e9, Corpor\u00e9it\u00e9, groupe et famille&nbsp;\u00bb organis\u00e9s par le Laboratoire de Psychologie.<\/li><\/ul>\n\n\n\n<p><em><span lang=\"FR-CA\" style=\"font-size: 14.0pt; mso-bidi-font-size: 12.0pt; font-family: 'Trebuchet MS'; color: gray; letter-spacing: 2.0pt; mso-ansi-language: FR-CA;\">2020<\/span><\/em><\/p>\n\n\n\n<ul><li>Paris, 15.12.2020, conf\u00e9rences et pr\u00e9sentations cliniques de d\u00e9cembre \u00e0 la <em>Salp\u00eatri\u00e8re (Service de Psychiatrie de l\u2019Enfant et de l\u2019Adolescent)<\/em>. Bazan, A., \u00ab Processus primaires et secondaires Freudiens et langage&nbsp;: de la m\u00e9tapsychologie au laboratoire&nbsp;\u00bb, invitation du professeur David Cohen, par t\u00e9l\u00e9conf\u00e9rence.<\/li><\/ul>\n\n\n\n<p><span style=\"color: gray; font-family: 'Trebuchet MS'; font-size: 14pt; letter-spacing: 2pt;\"><em>2019<\/em>&nbsp;<\/span><\/p>\n\n\n\n<ul><li>Nice, 01-02.02.2019, Bazan, A. et Ouss, L. \u00ab Extensions de la Clinique et neurosciences \u00bb, \u00e0 l\u2019occasion du cycle de conf\u00e9rences \u00ab Extension de la Clinique Psychanalytique&nbsp;\u00bb, organis\u00e9 par le Groupe ni\u00e7ois de recherche en Psychanalyse, Neurosciences et Discipline Alli\u00e9es (GNRPN) (Soci\u00e9t\u00e9 Psychanalytique de Paris).<\/li><li><span style=\"font-size: 1rem;\">Bruxelles, 16.03.2019, dans le cycle \u00ab&nbsp;Les figures de l\u2019angoisse&nbsp;\u00bb, Bazan, A. \u00ab&nbsp;Pulsions de vie et angoisse: leur impact sur le langage&nbsp;\u00bb. Invit\u00e9e par Bruno Le Clef, cycle de conf\u00e9rences de l\u2019Association pour la Psychoth\u00e9rapie Psychanalytique de Couple et de la Famille (APPCF), ann\u00e9e acad\u00e9mique 2018-2019.<\/span><\/li><li>Lille, 23.03.2019, Bazan, A., Olyff, G. et Bruxelmane, J. \u201cA propos des choses et des lettres dans le r\u00eave&nbsp;\u00bb, \u00e0 l\u2019occasion du colloque, \u00ab&nbsp;L\u2019insomnie: sommeil, r\u00eaves, cauchemars\u201d organis\u00e9 par l\u2019Association pour l\u2019Etude de la Psychanalyse et de son Histoire (ALEPH), invit\u00e9e par Genevi\u00e8ve Morel.<\/li><li>Bruxelles, 21.02.2020, Bazan, A., \u00ab Les sujets d\u00e9fensifs \u00e9vitent l\u2019ambigu\u00eft\u00e9 phonologique: une \u00e9tude par amor\u00e7age subliminal et mesures ERPs \u00bb \u00e0 l\u2019occasion du meeting: \u00abFNRS Contact Group: Neuro-Cognitive Psychopathology \u00bb, invitation du Pr. Salvatore Campanella.<\/li><\/ul>\n\n\n\n<p><em><span style=\"color: gray; font-family: 'Trebuchet MS'; font-size: 14pt; letter-spacing: 2pt;\">2018<\/span><\/em><\/p>\n\n\n\n<ul><li>Bruxelles, Belgique, 20.11.2018. Colloque \u00ab Les mardis de la Philo \u00bb, \u00ab Actualit\u00e9s (neuro) psychanalytiques \u00bb, invit\u00e9e par Van de Vijver, G.<\/li><li>Bruxelles, Belgique, 18.12.2018. Colloque \u00ab Les mardis de la Philo \u00bb, \u00ab Le but de la vie est la mort \u00bb, invit\u00e9e par Van de Vijver, G.. <a style=\"font-size: revert; font-family: -apple-system, BlinkMacSystemFont, 'Segoe UI', Roboto, Oxygen-Sans, Ubuntu, Cantarell, 'Helvetica Neue', sans-serif;\" href=\"https:\/\/lesmardisphilo.be\/wp-content\/uploads\/2018\/06\/brochure_2018_2019.pdf\" target=\"_blank\" rel=\"noopener noreferrer\">Gertrudis Van de Vijver, avec la participation d&#8217;Ariane Bazan pour quelques sessions: Le suspens du sujet; le sujet aux prises avec l&#8217;objet.<\/a><\/li><\/ul>\n\n\n\n<p><em><span style=\"color: gray; font-family: 'Trebuchet MS'; font-size: 14pt; letter-spacing: 2pt;\">2017<\/span><\/em><\/p>\n\n\n\n<ul><li>La Louvi\u00e8re, 10.06.2017, Bazan, A., \u00ab&nbsp;L\u2019apport possible de la psychanalyse dans le traitement de la souffrance mentale&nbsp;\u00bb, \u00e0 la journ\u00e9e conf\u00e9rence \u00ab&nbsp;Quel avenir pour les psychoth\u00e9rapies&nbsp;?&nbsp;\u00bb \u00e0 la Soci\u00e9t\u00e9 Royale de M\u00e9decine Mentale de Belgique (SRMMB), invit\u00e9e par le Professeur P. de Timary.<\/li><\/ul>\n\n\n\n<p><em><span lang=\"FR-CA\" style=\"font-size: 14.0pt; mso-bidi-font-size: 12.0pt; font-family: 'Trebuchet MS'; color: gray; letter-spacing: 2.0pt; mso-ansi-language: FR-CA;\">2016<\/span><\/em><\/p>\n\n\n\n<ul><li>Bruxelles, 16.09.2016, \u00ab Le Burn-out des soignants \u00bb, Table ronde anim\u00e9e par Ariane Bazan et Sylvie Antoine aux Cliniques Universitaires de Saint-Luc, invit\u00e9e par Genevi\u00e8ve Cool.<\/li><li>Bruxelles, 26.05.2016, Bazan, A., s\u00e9minaire \u00ab&nbsp;La question de l\u2019euthanasie pour seule souffrance psychique&nbsp;\u00bb \u00e0 la Clinique Sans Souci.<\/li><li><span style=\"font-size: 12pt;\">Bruxelles, Belgique, 15.03.2016, Bazan A. \u00ab&nbsp;Addiction et trauma&nbsp;: une approche neuropsychanalytique.&nbsp;\u00bb, conf\u00e9rence organis\u00e9e par le centre m\u00e9dical Enaden.<\/span><\/li><li><span style=\"font-size: 12pt;\">Bruxelles, Belgique, 07.03.2016, Les S\u00e9minaires du lundi du service de psychiatrie et psychogie m\u00e9dicale du C.H.U. Brugmann. Bazan, A., \u201cDe la psychanalyse en recherche quantitative et de sa pertinence comme objet, soit comme outil de recherche&nbsp;\u00bb, invit\u00e9e par le Professeur Paul Verbanck.<\/span><\/li><li><span style=\"font-size: 12pt;\">Besan\u00e7on, France, 14-16.01.2016. Colloque \u201cMalaise identitaire et d\u00e9sinstitutionnalisation: quelles r\u00e9ponses pour la psychanalyse et les sciences humaines? Rencontre avec Ren\u00e9 Ka\u00ebs\u201d \u00e0 la Maison des Sciences de l\u2019Homme et de l\u2019Environnement de l\u2019Universit\u00e9 de Franche Comt\u00e9. Bazan, A., table ronde: \u201cquelle \u00e9thique pour quelles normes?\u201d, invit\u00e9e par Denis Mellier.<\/span><\/li><li style=\"text-align: justify;\"><span style=\"font-size: 12pt;\">Bruxelles, Belgique, 28.01.2016, S\u00e9minaire du service de Psychopathologie de la Clinique Saint-Jean, Bazan, A., \u201cA propos du trauma et de l\u2019inscription dopaminergique de l\u2019\u00e9v\u00e9nement, une perspective neuropsychanalytique&nbsp;\u00bb, invit\u00e9e par Dr Sylvain Dal.<\/span><\/li><li style=\"text-align: justify;\"><span style=\"font-size: 12pt;\">Bruxelles, Belgique, 15.02.2016, Bazan, A. \u00ab&nbsp;Le r\u00e9bus et le r\u00eave&nbsp;\u00bb, conf\u00e9rence organis\u00e9e par le cercle culturel des \u00e9tudiants romanistes \u00e0 l\u2019occasion de \u00ab&nbsp;L\u2019Universit\u00e9 Livre 2015-2016&nbsp;\u00bb, Universit\u00e9 Libre de Bruxelles.<\/span><\/li><li style=\"text-align: justify;\"><span style=\"font-size: 12pt;\">Bruxelles, Belgique, 15.02.2016, Bazan, A. &amp; Van Rillaer, J. \u00ab&nbsp;D\u00e9bat&nbsp;: L\u2019\u00e9tat actuel de la psychanalyse, sa l\u00e9gitimit\u00e9, ses enjeux futurs et son lien fondamental avec l\u2019univers des songes&nbsp;\u00bb, d\u00e9bat organis\u00e9 par le cercle culturel des \u00e9tudiants romanistes \u00e0 l\u2019occasion de \u00ab&nbsp;L\u2019Universit\u00e9 Livre 2015-2016&nbsp;\u00bb, Universit\u00e9 Libre de Bruxelles.<\/span><\/li><\/ul>\n\n\n\n<p><em><span lang=\"FR-CA\" style=\"font-size: 14.0pt; mso-bidi-font-size: 12.0pt; font-family: 'Trebuchet MS'; color: gray; letter-spacing: 2.0pt; mso-ansi-language: FR-CA;\">2015<\/span><\/em><\/p>\n\n\n\n<ul><li>Bruxelles, 04.12.2015, \u00ab Euthanasie et Psychiatrie \u00bb, Bazan, A., \u00ab Le probl\u00e8me de l\u2019euthanasie pour seule souffrance psychique \u00bb, S\u00e9minaire du service de psychiatrie des Cliniques Universitaires Saint-Luc, invitation du Prof. Eric Contant.<\/li><li style=\"text-align: justify;\"><span style=\"font-size: 12pt;\">Bruxelles, Belgique, 16 et 17.10.2015. Conf\u00e9rence \u201cLa psychologie \u00e0 l\u2019\u00e9preuve du f\u00e9minisme \u2013 un levier de r\u00e9sistance?\u201d \u00e0 l\u2019Universit\u00e9 Libre de Bruxelles. Bazan, A.: \u201cle corps impose le sexuel et la diff\u00e9rence des sexes.\u201d, invit\u00e9e par l\u2019association Sophia.<\/span><\/li><\/ul>\n\n\n\n<p><em><span lang=\"FR-CA\" style=\"font-size: 14.0pt; mso-bidi-font-size: 12.0pt; font-family: 'Trebuchet MS'; color: gray; letter-spacing: 2.0pt; mso-ansi-language: FR-CA;\">2014<\/span><\/em><\/p>\n\n\n\n<ul><li style=\"text-align: justify;\"><span style=\"font-size: 12pt;\">Bruxelles, 17.02.2014, conf\u00e9rence \u00e0 l\u2019occasion des 50 ans de Parh\u00e9lie-Centre de psychiatrie pour enfants et adolescents, Bazan, A., \u00ab&nbsp;La question de la jouissance entre psychanalyse et neurosciences&nbsp;\u00bb, invit\u00e9e par le Dr Huynh Chi Duc, directeur th\u00e9rapeutique.<\/span><\/li><li style=\"text-align: justify;\"><span style=\"font-size: 12pt;\">Montr\u00e9al, Canada, 18.09.2014, Bazan, A. \u00ab Propositions pour une architecture de l\u2019appareil mental. R\u00e9sultats de recherche indiquant les dynamiques caract\u00e9ristiques de l\u2019inconscient Freudien: Le refoulement et le processus primaire\u00bb, invit\u00e9e par le Prof. Dominique Scarfone, Universit\u00e9 de Montr\u00e9al, Ecole Doctorale.<\/span><\/li><li style=\"text-align: justify;\"><span style=\"font-size: 12pt;\"><a title=\"Li\u00e8ge Loris Notturni\" href=\"http:\/\/www.metheor.ulg.ac.be\/doc\/GEWProgramme2014.pdf\" target=\"_blank\" rel=\"noopener noreferrer\">Li\u00e8ge, 27.03.2014, conf\u00e9rences du Groupe d&#8217;\u00e9tudes winnicottiennes, Bazan, A., \u00ab&nbsp;La neuropsychanalyse: propositions pour une physiologie de l&#8217;appareil psychique&nbsp;\u00bb, invitation de Loris Notturni<\/a>.<\/span><\/li><li style=\"text-align: justify;\">\n<p class=\"hide-if-no-js\" style=\"text-align: justify;\"><span style=\"font-size: 12pt;\"><span style=\"font-family: arial, helvetica, sans-serif;\"><span lang=\"FR\">Bruxelles, 18.03.2014, &#8220;A propos d\u2019une physiologie du transfert&#8221;, dans le cadre du colloque international organis\u00e9 par le Centre Hospitalier La Ram\u00e9e-Fond\u2019Roy: \u201cModernit\u00e9, neurosciences et transfert: des oxymores?\u201d, invit\u00e9e par le Dr. Andr\u00e9 Passelecq. <\/span><\/span>(voir <a title=\"argument Bazan La Ram\u00e9e 18.03.2014\" href=\"http:\/\/www.laramee.be\/images\/stories\/conferences\/20140318_bazan.pdf\" target=\"_blank\" rel=\"noopener noreferrer\">l&#8217;argument<\/a>)&nbsp;<\/span><\/p>\n<p>Ce que vous avez toujours voulu savoir sans oser le demander<span class=\"text_exposed_show\"> sur : &#8211; \u00ab L\u2019amour \u00bb entre le patient et le soignant &#8211; L\u2019int\u00e9r\u00eat r\u00e9el des DSM (IV, V, \u2026) &#8211; Les rapports entre sciences et psychoth\u00e9rapies<\/span>La parole est-elle encore utile ? Y a-t-il vraiment de nouveaux patients aujourd\u2019hui ? L\u2019h\u00f4pital soigne-t-il encore ?Inscrivez-vous d\u00e8s aujourd\u2019hui \u00e0 notre colloque du 18 mars prochain \u00ab Modernit\u00e9, scientificit\u00e9 et liens transf\u00e9rentiels : des oxymores ? \u00bbwww.laramee.be\/conferences-et-colloques&nbsp;P.S. Oxymore : rapprochement de deux mots qui semblent contradictoires.<\/p>\n<\/li><li style=\"text-align: justify;\"><a title=\"conf\u00e9rence Parh\u00e9lie 17022014 jouissance\" href=\"http:\/\/www.lbfsm.be\/IMG\/pdf\/affiche_50_ans_conference_A_Bazan_.pdf\" target=\"_blank\" rel=\"noopener noreferrer\"><span style=\"font-size: 12pt; line-height: 1.714285714; text-indent: -18pt; text-align: justify;\">Bruxelles, 17.02.2014, conf\u00e9rence \u00e0 l\u2019occasion des 50 ans de Parh\u00e9lie-Centre de psychiatrie pour enfants et adolescents, Bazan, A., \u00ab La question de la jouissance entre psychanalyse et neurosciences \u00bb, invit\u00e9e par le Dr Huynh Chi Duc, directeur th\u00e9rapeutique.<\/span><\/a><\/li><\/ul>\n\n\n<div class=\"wp-block-image\">\n<figure class=\"aligncenter\"><a class=\"thickbox\" href=\"http:\/\/www.arianebazan.be\/wp-admin\/media-upload.php?post_id=79&amp;type=image&amp;TB_iframe=1\"><img src=\"http:\/\/www.arianebazan.be\/wp-content\/uploads\/2013\/04\/affiche-17022014-624x769.jpg\" alt=\"affiche 17022014\"\/><\/a><\/figure><\/div>\n\n\n<p>&nbsp;<\/p>\n\n\n\n<ul><li style=\"text-align: justify;\"><span style=\"font-size: 12pt; line-height: 1.714285714; text-indent: -18pt; text-align: justify;\"><a title=\"site de l'APPPsy avec annonce colloque\" href=\"http:\/\/www.apppsy.be\/\" target=\"_blank\" rel=\"noopener noreferrer\">Bruxelles, 7-9.02.2014, Colloque de la F\u00e9d\u00e9ration Nationale des Psychologues Praticiens d\u2019Orientation Psychanalytique (APPPsy)&nbsp;: \u00ab O\u00f9 va la psychanalyse? \u00bb, invit\u00e9e par <\/a><\/span><span style=\"font-size: 12pt; line-height: 1.714285714; text-indent: -18pt; text-align: justify;\"><a title=\"site de l'APPPsy avec annonce colloque\" href=\"http:\/\/www.apppsy.be\/\" target=\"_blank\" rel=\"noopener noreferrer\">Francis Martens<\/a>.<\/span><a title=\"programme colloque APPPsy\" href=\"http:\/\/www.apppsy.be\/docs\/txt\/APPPsy02-2014Programme.pdf\" target=\"_blank\" rel=\"noopener noreferrer\"><strong>Ariane Bazan (Bruxelles), Physiologie de la jouissance ? Un exercice neuro-psychanalytique, discutants:Philippe Fouchet &amp; Marc Crommelinck<\/strong><\/a><\/li><\/ul>\n\n\n\n<p><a id=\"set-post-thumbnail\" class=\"thickbox\" title=\"Set featured image\" href=\"http:\/\/www.arianebazan.be\/wp-admin\/media-upload.php?post_id=79&amp;type=image&amp;TB_iframe=1\"> <\/a><em><span lang=\"FR-CA\" style=\"font-size: 14.0pt; mso-bidi-font-size: 12.0pt; font-family: 'Trebuchet MS'; color: gray; letter-spacing: 2.0pt; mso-ansi-language: FR-CA;\">2013<\/span><\/em><\/p>\n\n\n\n<ul><li style=\"text-align: justify;\"><span style=\"font-size: 12pt; line-height: 1.714285714; text-indent: -18pt;\">Bruxelles, 20.02.2013, La Ram\u00e9e, Groupe local d&#8217;\u00e9valuation m\u00e9dicale (GLEM), Bazan, A., \u00ab De la Jouissance au Wanting: physiologie d\u2019un concept Lacanien \u00bb, invit\u00e9e par le Dr. Philippe Cattiez, psychiatre au service de sant\u00e9 mentale Chapelle aux Champs.<\/span><\/li><li style=\"text-align: justify;\"><span style=\"font-size: medium;\">France, Rennes, 21.11.2013, Colloque international de l\u2019Universit\u00e9 de Rennes&nbsp;: \u00ab&nbsp;Le pari de l&#8217;inconscient: actualit\u00e9s de la recherche en psychopathologie&nbsp;\u00bb. Bazan, A., \u00ab&nbsp;La neuropsychanalyse: D\u00e9fi au regard de l\u2019inconscient&nbsp;\u00bb, invit\u00e9e par le Prof. Fran\u00e7ois Sauvagnat.<\/span><\/li><\/ul>\n\n\n\n<p><em><span lang=\"FR-CA\" style=\"font-size: 14.0pt; mso-bidi-font-size: 12.0pt; font-family: 'Trebuchet MS'; color: gray; letter-spacing: 2.0pt; mso-ansi-language: FR-CA;\">2012<\/span><\/em><\/p>\n\n\n\n<ul><li style=\"text-align: justify;\"><span style=\"font-size: 12pt; line-height: 1.714285714; text-indent: -18pt;\">Bruxelles, 12.12.2012, La Ram\u00e9e, Groupe local d&#8217;\u00e9valuation m\u00e9dicale (GLEM), Bazan, A., \u00ab Petite physiologie du refoulement \u00bb, invit\u00e9e par le Dr. Philippe Cattiez, psychiatre au service de sant\u00e9 mentale Chapelle aux Champs.<\/span><\/li><li style=\"text-align: justify;\"><a href=\"http:\/\/www.ulb.ac.be\/newsletters\/newsletter.php?d=23&amp;c=1&amp;nl=14&amp;art=204&amp;cat=8\" target=\"_blank\" rel=\"noopener noreferrer\"><span style=\"font-size: 12pt; line-height: 1.714285714; text-indent: -18pt;\">Bruxelles, 30.11.2012, Universit\u00e9 Libre de Bruxelles, 6\u00e8me Journ\u00e9e Internationale du CNEP: Psychanalyse et Neuroscience aux Sources de la Pens\u00e9e ; de la Pulsion \u00e0 l\u2019Action et de l\u2019Intention \u00e0 l\u2019Inhibition, responsable scientifique, comit\u00e9 d\u2019organisation, conclusion, intervenants : Delvenne, V., Ouss, L., Boissel, A., Georgieff, N., Bazan, A., Rossetti, Y., Roussillon, R., Vuillemier, P.<\/span><\/a><\/li><li><span style=\"font-size: 12pt; line-height: 1.714285714; text-indent: -18pt;\">Bruxelles, 30.11.2012, 6\u00e8me Journ\u00e9e Internationale du CNEP : Psychanalyse et Neuroscience aux Sources de la Pens\u00e9e ; de la Pulsion \u00e0 l\u2019Action et de l\u2019Intention \u00e0 l\u2019Inhibition, discussion de \u00ab L\u2019intention se contente-t-elle d\u2019inhiber ? \u00bb de Yves Rossetti.<\/span><\/li><li><span style=\"font-size: 12pt; line-height: 1.714285714; text-indent: -18pt;\">Paris, 28.11.2012, Congr\u00e8s Fran\u00e7ais de Psychiatrie, 4\u00e8me \u00e9dition : Psychiatrie, intersubjectivit\u00e9 et interaction sociale, Bazan, A., \u00ab L\u2019enfant du devenir humain : D\u00e9gager du d\u00e9sir de la jouissance \u00bb, invit\u00e9e par Jo\u00eblle Rochette.<\/span><\/li><li><span style=\"font-size: 12pt; line-height: 1.714285714; text-indent: -18pt;\">Louvain-la-Neuve, 03.05.2012, d\u00e9bat \u00e0 librairie <em>Libris Agora<\/em> \u00e0 propos du livre \u00abBelgique-Belgi\u00eb. Un \u00e9tat, deux m\u00e9moires collectives ?\u00bb avec trois auteurs: Olivier Luminet, Marnix Beyen et Ariane Bazan; mod\u00e9rateur: Eric Remacle; invit\u00e9e par Olivier Luminet. <\/span><\/li><li><span style=\"font-size: 12pt; line-height: 1.714285714; text-indent: -18pt;\"> Jemeppe, 02.05.2012, conf\u00e9rence \u00e0 la \u00ab Haute Ecole de la Province de Li\u00e8ge \u00bb : \u00ab S\u00e9duction \u00bb : Bazan, A. \u00ab Pour d\u00e9fendre la s\u00e9duction, une petite plaidoirie \u00bb, invit\u00e9e par les \u00e9tudiants (Justine Labiaux).<\/span><\/li><li style=\"text-align: justify;\"><span style=\"font-size: 12pt; line-height: 1.714285714; text-indent: -18pt;\">Ixelles, 24.04.2012, conf\u00e9rence de l\u2019 \u00ab Association des neuropsychologues de Bruxelles \u00bb, au C.H.U. St.-Pierre, Bazan, A., \u00ab \u00c0 propos de la Neuropsychanalyse et de la Mat\u00e9rialit\u00e9 du Psychique\u00bb, invitation d\u2019Isabelle Gosselin.<\/span><\/li><\/ul>\n\n\n\n<p><em><span lang=\"FR-CA\" style=\"font-size: 14.0pt; mso-bidi-font-size: 12.0pt; font-family: 'Trebuchet MS'; color: gray; letter-spacing: 2.0pt; mso-ansi-language: FR-CA;\">2011<\/span><\/em><\/p>\n\n\n\n<ul><li style=\"text-align: justify;\"><span style=\"font-size: 12pt; line-height: 1.714285714; text-indent: -18pt;\"> Caen, France, 10.06.2011, conf\u00e9rence du \u201cCercle de Neuropsychologie et de Psychanalyse\u201d (CNEP), en collaboration avec le Centre d\u2019Etude et de Recherche sur les Risques et les Vuln\u00e9rabilit\u00e9s (CERReV), \u00ab Oublier: entre psychanalyse et neurosciences \u00bb; invit\u00e9e par Pr. Anne Boissel.<\/span><\/li><li><span style=\"font-size: 12pt; line-height: 1.714285714; text-indent: -18pt;\">Mons, 26.04.2011, conf\u00e9rence dans le cadre d\u2019un cycle de conf\u00e9rences 2010-2011 du CHP de Mons-Borinage et du CHU Ambroise-Par\u00e9, \u00ab A la rencontre des neurosciences et de la psychanalyse\u2026 \u00bb, Bazan, A., \u00ab Que pourrait \u00eatre un neuro-psychanalyste ? \u00bb, invitation de Thibaut Bellon.<\/span><\/li><li><span style=\"font-size: 12pt; line-height: 1.714285714; text-indent: -18pt;\">Bruxelles, 19.02.2011, Foire du livre, Ariane Bazan, Bernard Rim\u00e9, Laurent Licata et Olivier Klein, \u00ab Aspects psychologiques du conflit linguistique belge \u00bb, d\u00e9bat anim\u00e9 par Jean-Jacques Jespers.<\/span><\/li><li><span style=\"font-size: 12pt; line-height: 1.714285714; text-indent: -18pt;\">Mons, 15.02.2011, conf\u00e9rence dans le cadre d\u2019un cycle de conf\u00e9rences 2010-2011 du Centre Hospitalier Universitaire et Psychiatrique de Mons-Borinage et du CHU Ambroise-Par\u00e9, \u00ab A la rencontre des neurosciences et de la psychanalyse\u2026 Vers une \u00ab neuro-psychanalyse? \u00bb, Bazan, A., \u00ab La structure de l\u2019inconscient, une hypoth\u00e8se neuropsychanalytique \u00bb, invitation de Thibaut Bellon.<\/span><\/li><\/ul>\n\n\n\n<p><em><span lang=\"FR-CA\" style=\"font-size: 14.0pt; mso-bidi-font-size: 12.0pt; font-family: 'Trebuchet MS'; color: gray; letter-spacing: 2.0pt; mso-ansi-language: FR-CA;\">2010<\/span><\/em><\/p>\n\n\n\n<ul><li><span style=\"font-size: 12pt; line-height: 1.714285714; text-indent: -18pt;\">Lyon, France, 22.10.2010, Journ\u00e9e de l\u2019ISC Lyon, du CNEP, du CRPPC Lyon 2, du DIU Lyon 1 et 2 et de la WAIH (\u00ab World Association for Infant Mental Health \u00bb) Francophone, \u00ab La trace pr\u00e9coce : comment la psych\u00e9 vient au b\u00e9b\u00e9 \u00bb, Bazan, A., Conclusion : la trace, une action intentionnelle qui part du sujet ; invitation des Profs. Sylvain Missonnier et Pierre Delion.<\/span><\/li><li><span style=\"font-size: 12pt; line-height: 1.714285714; text-indent: -18pt;\">Al\u00e8s, France, 15.10.2010, journ\u00e9e INTER-CMPP, \u00ab Psychanalyse et Neurosciences \u00bb, Bazan, A., \u00ab La premi\u00e8re topique Freudienne dans les neurones \u00bb.<\/span><\/li><li><a href=\"http:\/\/normes-genre-sexualites.ulb.ac.be\/fr\/agenda-des-activites\/colloque-la-transgression-au-feminin\/\" target=\"_blank\" rel=\"noopener noreferrer\"><span style=\"font-size: 12pt; line-height: 1.714285714; text-indent: -18pt;\">Ixelles, 11.03.2010, dans le cadre du projet interfacultaire \u00ab Normes, Genre et Sexualit\u00e9s \u00bb \u00e0 l\u2019occasion du 175e anniversaire de l\u2019ULB, journ\u00e9e d\u2019\u00e9tude sur \u00ab La transgression au f\u00e9minin \u00bb ; table ronde avec Antoine Masson, psychiatre charg\u00e9 de cours \u00e0 l\u2019UCL, \u00e9cole de criminologie et aux FUNDP, d\u00e9partement de philosophie, Laurent de Sutter, chercheur en th\u00e9orie du droit \u00e0 la VUB, charg\u00e9 de cours aux FUSL et sp\u00e9cialiste de l\u2019histoire de la pornographie au cin\u00e9ma, Alex Lefebvre, Philippe Fouchet et Ariane Bazan, professeurs de psychologie de l\u2019ULB.<\/span><\/a><\/li><li><span style=\"font-size: 12pt; line-height: 1.714285714; text-indent: -18pt;\">Bruxelles, 17.02.2010, conf\u00e9rences originales du Cycle \u00ab des Anniversaires \u00bb de l\u2019 \u201cAssociation des Psychologues et P\u00e9dagogues issus de l\u2019U.L.B\u201d, Bazan, A., \u00ab La Neuropsychanalyse \u00bb.<\/span><\/li><li><span style=\"font-size: 12pt; line-height: 1.714285714; text-indent: -18pt;\">Bruxelles, 08.02.2010, s\u00e9minaires de la Clinique de Psycho-Oncologie, du Traitement de la Douleur et des Soins Supportifs de l&#8217;Institut Bordet, invitation du Prof. Darius Razavi :&nbsp;Bazan, A., &#8220;Les processus primaires et secondaires&#8221;.<\/span><\/li><li><a href=\"http:\/\/www.criticalphilosophy.ugent.be\/event\/kant-et-lacan-le-toucher-ou-linquietante-sensibilite-moderne\/\" target=\"_blank\" rel=\"noopener noreferrer\"><span style=\"font-size: 12pt; line-height: 1.714285714; text-indent: -18pt;\">Gand, 16.01.2010, HoGent, Centre for Critical Philosophy, \u00ab Kant et Lacan: le toucher &#8230; ou l\u2019inqui\u00e9tante sensibilit\u00e9 moderne \u00bb, journ\u00e9e d\u2019\u00e9tude avec Louis-Georges Papon (Lille), Monique David-M\u00e9nard (Paris) et Gertrudis Van de Vijver (Gand); pr\u00e9sidente de la s\u00e9ance de l\u2019apr\u00e8s-midi.<\/span><\/a><\/li><\/ul>\n\n\n\n<p>&nbsp;<em><span lang=\"FR-CA\" style=\"font-size: 14.0pt; mso-bidi-font-size: 12.0pt; font-family: 'Trebuchet MS'; color: gray; letter-spacing: 2.0pt; mso-ansi-language: FR-CA;\">2009<\/span><\/em><\/p>\n\n\n\n<ul><li><span style=\"font-size: 12pt; line-height: 1.714285714; text-indent: -18pt;\"> Lyon, France, 28.11.2009, Colloque CNEP, \u201cL\u2019Associativit\u00e9 \u00e0 L\u2019interface psychanalyse et Neurosciences\u201d, discussion de l\u2019intervention de J. L. Donnet (Paris), \u00ab L\u2019associativit\u00e9 en psychanalyse \u00bb, Bazan, A., \u00ab Petite physiologie de l\u2019associativit\u00e9 \u00bb, invitation du Pr. Ren\u00e9 Roussillon.<\/span><\/li><li><span style=\"font-size: 12pt; line-height: 1.714285714; text-indent: -18pt;\">Paris, 16.11.2009, S\u00e9minaire Cercle de Neuropsychologie et de Psychanalyse \u00abNeuro-psychanalyse de l\u2019enfant et de l\u2019adolescent \u00bb, Bazan, A., \u201cLe GeoCat \u00e0 l&#8217;\u00e9preuve l&#8217;inventorisation des processus primaires et secondaires au cours du d\u00e9veloppement et dans des populations cliniques et non-cliniques\u201d, pr\u00e9sentation, invitation du Dr. Lisa Ouss.<\/span><\/li><li><span style=\"font-size: 12pt; line-height: 1.714285714; text-indent: -18pt;\">Lyon, France, 30.06.2009, dans le cadre des activit\u00e9s du Psychop\u00f4le Rh\u00f4ne-Alpes, \u00e0 l\u2019occasion de la th\u00e8se d\u2019A. Bazan, organisation de la conf\u00e9rence du Pr. H. Shevrin : \u00abThe dynamic depths of the Freudian unconscious : can neuroscience provide a model ?\u00bb (\u00ab Les profondeurs dynamiques de l\u2019inconscient Freudien : les neurosciences peuvent-ils proposer un mod\u00e8le ? \u00bb ; traduction par A. Bazan et introduction par les Prs. Y. Rossetti et R. Roussillon.<\/span><\/li><li><span style=\"font-size: 12pt; line-height: 1.714285714; text-indent: -18pt;\">Bruxelles, 12.02.2009. Pr\u00e9sentation du livre \u00ab Des fant\u00f4mes dans la voix \u00bb, Th\u00e9\u00e2tre Po\u00e8me, invitation de Pierre Smet, Pierre-Henri Castel, Alex Lefebvre et Guy Mertens.<\/span><\/li><\/ul>\n\n\n\n<p>&nbsp;<\/p>\n\n\n\n<p><em><span lang=\"FR-CA\" style=\"font-size: 14.0pt; mso-bidi-font-size: 12.0pt; font-family: 'Trebuchet MS'; color: gray; letter-spacing: 2.0pt; mso-ansi-language: FR-CA;\">2008<\/span><\/em><\/p>\n\n\n\n<ul><li><span style=\"font-size: 12pt; line-height: 1.714285714; text-indent: -18pt;\">Sleidinge, France, 17.12.2008, Centre Psychiatrique de Sleidinge, journ\u00e9e d\u2019\u00e9tude du \u201cGezelschap voor Psychoanalyse en Psychotherapie\u201d et \u201cIdes\u00e7a\u201d : \u00ab Le corps dans la psychose \u00bb (\u00ab Het lichaam in de psychose \u00bb) ; invitation de Catherine Morin (Paris, Salpetri\u00e8re) : \u00ab Que nous apprend la somatoparaphr\u00e9nie sur l\u2019image du corps et l\u2019objet ?\u00bb.<\/span><\/li><li><span style=\"font-size: 12pt; line-height: 1.714285714; text-indent: -18pt;\">Louvain, 29.11.2008. Pr\u00e9sentation du livre \u00ab Des fant\u00f4mes dans la voix \u00bb, Belgische School voor Psychoanalyse\/Ecole Belge de Psychanalyse; r\u00e9pondante: Mme Lili De Vooght.<\/span><\/li><li><span style=\"font-size: 12pt; line-height: 1.714285714; text-indent: -18pt;\">Paris, 17.11.2008, H\u00f4pital Necker Enfants malades, s\u00e9minaire de Neuropsychanalyse, Howard Shevrin, \u201cL\u2019inhibition inconsciente, r\u00e9sultats d\u2019une \u00e9tude clinique avec observations psychodynamiques et neurophysiologiques\u201d, pr\u00e9sentation introduite par Ariane Bazan et organis\u00e9e par le Cercle de Neuropsychologie et de Psychanalyse.<\/span><\/li><li><span style=\"font-size: 12pt; line-height: 1.714285714; text-indent: -18pt;\">Bruxelles, 14.11.2008, Universit\u00e9 Libre de Bruxelles, rencontre-d\u00e9bat entre Howard Shevrin et Sid Kouider, \u00ab L\u2019inconscient entre psychanalyse et neurosciences cognitives: L\u2019inconscient du cerveau est-il l\u2019inconscient du sujet ? \u00bb, d\u00e9bat introduit et organis\u00e9 par Ariane Bazan et mod\u00e9r\u00e9 par Axel Cleeremans.<\/span><\/li><li><span style=\"font-size: 12pt; line-height: 1.714285714; text-indent: -18pt;\">Paris, 27.06.2008, demi-journ\u00e9e du Cercle de Neuropsychologie et de Psychanalyse (CNEP) &#8220;Terrains cliniques d&#8217;un croisement entre neurosciences et psychanalyse&#8221;, Bazan, A. et Van de Vijver, G., \u201cLes processus primaires et secondaires \u00e0 l&#8217;interface: lectures recoup\u00e9es d\u2019une clinique de la psychose\u201d, invitation du Dr. Lisa Ouss \u2013 discut\u00e9 par Daniel Widl\u00f6cher et Yves Rossetti.<\/span><\/li><li><span style=\"font-size: 12pt; line-height: 1.714285714; text-indent: -18pt;\">Lyon, France, 11-12.04.2008,&nbsp;Conf\u00e9rence&nbsp;Internationale &nbsp;\u201cAffect and Symbolisation\u201d: Bazan, A., Winer, E.S., Kushwaha, R., Brakel, L.A.W., Snodgrass, M., Shevrin, H., \u201cLes sujets d\u00e9fensifs \u00e9vitent l\u2019ambigu\u00eft\u00e9 inconsciente \u2013 une \u00e9tude d\u2019amor\u00e7age subliminal au seuil de d\u00e9tection objectif\u201d, poster.<\/span><\/li><li><span style=\"font-size: 12pt; line-height: 1.714285714; text-indent: -18pt;\">Saint-Gilles, 29.03.2008, Th\u00e9\u00e2tre Po\u00e8me, IV\u00e8 Edition des Journ\u00e9es de l\u2019Acte Pyschanalytique, \u00ab Le psychanalyste ne s\u2019autorise que de lui-m\u00eame\u2026 et de quelques autres \u00bb, discutante avec Peter Dyck de Ren\u00e9 Lew, s\u00e9minaire sur la passe, invitation de Pierre Smet.<\/span><\/li><li><span style=\"font-size: 12pt; line-height: 1.714285714; text-indent: -18pt;\">Nanterre, France, 14.03.2008, Universit\u00e9 de Paris X, Bazan, A., \u201cDes fant\u00f4mes dans la voix: une hypoth\u00e8se neuro-psychanalytique sur la structure de l\u2019inconscient\u201d, invitation du Prof. Anne Boissel.<\/span><\/li><li><span style=\"font-size: 12pt; line-height: 1.714285714; text-indent: -18pt;\">Ixelles, 19.02.2008, S\u00e9minaire \u00abInterfaces\u00bb de la formation continue en \u201cCliniques psychoth\u00e9rapeutiques \u00ac orientation psychanalytique\u201d \u00e0 l\u2019ULB, dialogue entre les Profs. A. Bazan et A. Cleeremans sur l\u2019interface entre neurosciences cognitives et psychanalyse, invitation du Prof. Philippe Fouchet.<\/span><\/li><\/ul>\n\n\n\n<p>&nbsp;<em><span lang=\"FR-CA\" style=\"font-size: 14.0pt; mso-bidi-font-size: 12.0pt; font-family: 'Trebuchet MS'; color: gray; letter-spacing: 2.0pt; mso-ansi-language: FR-CA;\">2007<\/span><\/em><\/p>\n\n\n\n<ul><li><span style=\"font-size: 12pt; line-height: 1.714285714; text-indent: -18pt;\">Ixelles, 14.12.2007, Ecole Belge de Psychanalyse, Van de Vijver, G. et Bazan, A., \u201cLa neuro-psychanalyse: une m\u00e9tapsychologie actuelle?\u201d, s\u00e9minaire sur invitation de Philippe Van Haute.<\/span><\/li><li><span style=\"font-size: 12pt; line-height: 1.714285714; text-indent: -18pt;\">Ixelles, 06.12.2007, S\u00e9minaire \u00abScola\u00bb de l\u2019Universit\u00e9 Libre de Bruxelles, Bazan, A., \u201cLes Processus Primaires et Secondaires selon Freud \u00e0 l&#8217;Interface entre Psychanalyse et Neurosciences\u201d, invitation du Prof. Arnaud Destrebecqz.<\/span><\/li><li><span style=\"font-size: 12pt; line-height: 1.714285714; text-indent: -18pt;\">Gand, 02.06.2007, S\u00e9minaire de l\u2019Inter-Associatif Europ\u00e9en de Psychanalyse organis\u00e9 par la \u201cGezelschap voor Psychoanalyse en Psychotherapie\u201d (GPP): Bazan, A., pr\u00e9sidente de la journ\u00e9e:\u201dA quoi sert la th\u00e9orie?\u201d pr\u00e9sidence sur invitation de Robert Flamant.<\/span><\/li><li><span style=\"font-size: 12pt; line-height: 1.714285714; text-indent: -18pt;\">Gand, 02.06.2007, S\u00e9minaire de l\u2019Inter-Associatif Europ\u00e9en de Psychanalyse organis\u00e9 par la \u201cGezelschap voor Psychoanalyse en Psychotherapie\u201d (GPP): Bazan, A.et Van de Vijver, G.: \u201cLes Processus Primaires et Secondaires de Freud : la Pierre de Rosette \u00e0 l\u2019Interface de la M\u00e9tapsychologie, la Clinique et la Neurophysiologie\u201d, s\u00e9minaire sur invitation de Robert Flamant.<\/span><\/li><li><span style=\"font-size: 16px; line-height: 27px; text-indent: -24px;\">Paris, 31.05.2007, Organisation de la \u201cPremi\u00e8re journ\u00e9e du Cercle de Neuropsychologie et de Psychanalyse\u201d avec les participations de J.-F. Allilaire, D. Widl\u00f6cher, A. Beetschen, R. Roussillon, P. Magisttretti, B. Dubois, N. Danziger, N. Georgieff, C. Fayada, C. Desrouesn\u00e9 et P. Delion.<\/span><\/li><li><span style=\"font-size: 12pt; line-height: 1.714285714; text-indent: -18pt;\">Nanterre, France, 09.05.2007 et 23.05.2007, Universit\u00e9 Paris X, Bazan, A., \u201cLes processus primaires et secondaires de Freud: la pierre de Rosette \u00e0 l\u2019interfacer de la m\u00e9tapsychologie, de la clinique et de la neurophysiologie\u201d, s\u00e9minaire, invitation du Prof. Anne Boissel.<\/span><\/li><li><span style=\"font-size: 12pt; line-height: 1.714285714; text-indent: -18pt;\">Paris, France, 03.05.2007, S\u00e9minaire de l\u2019APEP (l\u2019Association Psychanalyse et Psychoth\u00e9rapie) et du CNEP (Cercle de Neuropsychologie et Psychanalyse), Bazan, A., \u201cLe Processus primaire et le traitement inconscient du langage \u00e0 l\u2019interface psychanalyse et neurosciences\u201d, invitation du Dr. Lisa Ouss, discutant Daniel Widl\u00f6cher.<\/span><\/li><\/ul>\n\n\n\n<p>&nbsp;<\/p>\n\n\n\n<p><em><span lang=\"FR-CA\" style=\"font-size: 14.0pt; mso-bidi-font-size: 12.0pt; font-family: 'Trebuchet MS'; color: gray; letter-spacing: 2.0pt; mso-ansi-language: FR-CA;\">2006<\/span><\/em><\/p>\n\n\n\n<ul><li><span style=\"font-size: 12pt; line-height: 1.714285714; text-indent: -18pt;\">Gand, 29.11.2006, Studium Generale, Haute Ecole de Gand, colloque dans la s\u00e9rie \u201cCritique du Contemporain\u201d, sur invitation de Stefan Hertmans.<\/span><\/li><li><span style=\"font-size: 12pt; line-height: 1.714285714; text-indent: -18pt;\">Lille, France, 11.10.2006, Maison des Sciences Humaines, Semaine de la Science, \u2018Au-del\u00e0 du livre noir\u2019, une table ronde avec Jacques Van Rillaer et Ariane Bazan, mod\u00e9r\u00e9e par Jean-Louis Nandrino, sur invitation du Dr. Yannick Miossec.<\/span><\/li><li><span style=\"font-size: 12pt; line-height: 1.714285714; text-indent: -18pt;\">Louvain-la-Neuve, Universit\u00e9 Catholique de Louvain, 29.05.2006, Bazan, A., \u201cLes Dynamiques Linguistiques Inconscientes et le Processus Primaire: une Etude Psychophysiologique de Potentiels Evoqu\u00e9s\u201d, sur invitation du Prof. Luminet.<\/span><\/li><\/ul>\n\n\n\n<p><em><span lang=\"FR-CA\" style=\"font-size: 14.0pt; mso-bidi-font-size: 12.0pt; font-family: 'Trebuchet MS'; color: gray; letter-spacing: 2.0pt; mso-ansi-language: FR-CA;\">2005<\/span><\/em><\/p>\n\n\n\n<ul><li><span style=\"font-size: 12pt; line-height: 1.714285714; text-indent: -18pt;\">Paris, 13.12.2005, S\u00e9minaire de l\u2019APEP (l\u2019Association Psychanalyse et Psychoth\u00e9rapies), Centre de Neuropsychologie et du Langage, F\u00e9d\u00e9ration de Neurologie, H\u00f4pital de La Salp\u00e9tri\u00e8re, Bazan, A., \u201cLes dynamiques inconscientes du langage et le processus primaire : une \u00e9tude de potentiels \u00e9voqu\u00e9s\u201d, sur invitation du Dr. Lisa Ouss.<\/span><\/li><li><span style=\"font-size: 12pt; line-height: 1.714285714; text-indent: -18pt;\">Paris, 11.01.2005\/14.04.2005, Universit\u00e9 Paris XIII, Ecole doctorale Vivant et Soci\u00e9t\u00e9s, Bazan, A., \u201cLe projet de la neuro-psychanalyse\u201d, pr\u00e9sentations, sur invitation du Prof. Marie-Claude Fourment.<\/span><\/li><\/ul>\n\n\n\n<p>&nbsp;<\/p>\n\n\n\n<p><em><span lang=\"FR-CA\" style=\"font-size: 14.0pt; mso-bidi-font-size: 12.0pt; font-family: 'Trebuchet MS'; color: gray; letter-spacing: 2.0pt; mso-ansi-language: FR-CA;\">2004<\/span><\/em><\/p>\n\n\n\n<ul><li><span style=\"font-size: 12pt; line-height: 1.714285714; text-indent: -18pt;\">Montr\u00e9al, Qu\u00e9bec, Canada, 22.05.2004, Conf\u00e9rence Annuelle de l\u2019\u00c9cole Lacanienne de Montr\u00e9al: Bazan, A. \u00ab L\u2019inconscient est structure comme un langage. Une perspective neuro-psychanalytique. \u00bb.<\/span><\/li><\/ul>\n\n\n\n<p><em><span lang=\"FR-CA\" style=\"font-size: 14.0pt; mso-bidi-font-size: 12.0pt; font-family: 'Trebuchet MS'; color: gray; letter-spacing: 2.0pt; mso-ansi-language: FR-CA;\">2002<\/span><\/em><\/p>\n\n\n\n<ul><li><span style=\"font-size: 12pt; line-height: 1.714285714; text-indent: -18pt;\">Beernem, Belgique, Centre Psychiatrique de Beernem, 13.06.2002, s\u00e9minaire d\u2019Education Continu\u00e9e, Bazan, A., \u201cComment va votre articulation aujourd\u2019hui? L\u2019inconscient est de l\u2019affect attach\u00e9 \u00e0 la phonologie\u201d, invitation d\u2019Andr\u00e9 Colpaert, psychologue.<\/span><\/li><li><span style=\"font-size: 12pt; line-height: 1.714285714; text-indent: -18pt;\">Gand, 24.04.2002, \u201cNeuropsychanalyse\u201d, une journ\u00e9e d\u2019\u00e9tude de la \u201cGezelschap voor Psychoanalyse en Psychotherapie\u201d: Bazan, A., \u201cComment va votre articulation aujourd\u2019hui? L\u2019inconscient est de l\u2019affect attach\u00e9 \u00e0 la phonologie\u201d.<\/span><\/li><\/ul>\n","protected":false},"excerpt":{"rendered":"<p>2024 Nancy, 15.11.2024, Colloque \u00ab Soins des corps, soins des \u00e2mes. Soignants, m\u00e9decines et religions en Occident, du Moyen \u00c2ge \u00e0 nos jours \u00bb, organis\u00e9 par les laboratoires CRULH, \u00c9critures, Institut Fran\u00e7ois G\u00e9ny, Bazan, A. \u00ab Comment la parole gu\u00e9rit &hellip; <a href=\"https:\/\/www.arianebazan.be\/?page_id=79\">Continue reading <span class=\"meta-nav\">&rarr;<\/span><\/a><\/p>\n","protected":false},"author":1,"featured_media":0,"parent":10,"menu_order":0,"comment_status":"open","ping_status":"closed","template":"","meta":{"spay_email":""},"_links":{"self":[{"href":"https:\/\/www.arianebazan.be\/index.php?rest_route=\/wp\/v2\/pages\/79"}],"collection":[{"href":"https:\/\/www.arianebazan.be\/index.php?rest_route=\/wp\/v2\/pages"}],"about":[{"href":"https:\/\/www.arianebazan.be\/index.php?rest_route=\/wp\/v2\/types\/page"}],"author":[{"embeddable":true,"href":"https:\/\/www.arianebazan.be\/index.php?rest_route=\/wp\/v2\/users\/1"}],"replies":[{"embeddable":true,"href":"https:\/\/www.arianebazan.be\/index.php?rest_route=%2Fwp%2Fv2%2Fcomments&post=79"}],"version-history":[{"count":84,"href":"https:\/\/www.arianebazan.be\/index.php?rest_route=\/wp\/v2\/pages\/79\/revisions"}],"predecessor-version":[{"id":3712,"href":"https:\/\/www.arianebazan.be\/index.php?rest_route=\/wp\/v2\/pages\/79\/revisions\/3712"}],"up":[{"embeddable":true,"href":"https:\/\/www.arianebazan.be\/index.php?rest_route=\/wp\/v2\/pages\/10"}],"wp:attachment":[{"href":"https:\/\/www.arianebazan.be\/index.php?rest_route=%2Fwp%2Fv2%2Fmedia&parent=79"}],"curies":[{"name":"wp","href":"https:\/\/api.w.org\/{rel}","templated":true}]}}